{"id":2136,"date":"2017-06-20T08:39:22","date_gmt":"2017-06-20T08:39:22","guid":{"rendered":"https:\/\/johannesen-maskintransport.dk\/?page_id=2136\/"},"modified":"2020-01-15T09:00:45","modified_gmt":"2020-01-15T09:00:45","slug":"was-wir-bieten","status":"publish","type":"page","link":"https:\/\/johannesen-maskintransport.dk\/de\/was-wir-bieten\/","title":{"rendered":"WAS WIR BIETEN"},"content":{"rendered":"<p>[et_pb_section fb_built=&#8220;1&#8243; fullwidth=&#8220;on&#8220; custom_padding_last_edited=&#8220;on|desktop&#8220; admin_label=&#8220;Sektion&#8220; _builder_version=&#8220;3.22&#8243; background_color=&#8220;#ffffff&#8220; custom_padding_tablet=&#8220;50px|0|50px|0&#8243; transparent_background=&#8220;off&#8220; padding_mobile=&#8220;off&#8220; make_fullwidth=&#8220;off&#8220; use_custom_width=&#8220;off&#8220; width_unit=&#8220;on&#8220; custom_width_px=&#8220;1080px&#8220; custom_width_percent=&#8220;80%&#8220;][et_pb_fullwidth_menu menu_id=&#8220;15&#8243; submenu_direction=&#8220;downwards&#8220; fullwidth_menu=&#8220;off&#8220; disabled_on=&#8220;off|off|off&#8220; admin_label=&#8220;Fuldbredde Menu&#8220; _builder_version=&#8220;3.0.47&#8243; background_color=&#8220;#e02b20&#8243; text_orientation=&#8220;right&#8220; background_layout=&#8220;dark&#8220; hover_enabled=&#8220;0&#8243;][\/et_pb_fullwidth_menu][\/et_pb_section][et_pb_section fb_built=&#8220;1&#8243; fullwidth=&#8220;on&#8220; custom_padding_last_edited=&#8220;on|desktop&#8220; admin_label=&#8220;Sektion&#8220; _builder_version=&#8220;3.22&#8243; custom_padding_tablet=&#8220;50px|0|50px|0&#8243; transparent_background=&#8220;off&#8220; padding_mobile=&#8220;off&#8220; make_fullwidth=&#8220;off&#8220; use_custom_width=&#8220;off&#8220; width_unit=&#8220;off&#8220; custom_width_px=&#8220;1080px&#8220; custom_width_percent=&#8220;80%&#8220;][et_pb_fullwidth_header title=&#8220;WIR BIETEN&#8220; content_max_width=&#8220;none&#8220; admin_label=&#8220;Fuldbredde Overskrift&#8220; _builder_version=&#8220;4.0.11&#8243; title_font_size=&#8220;40px&#8220; content_font_size=&#8220;14px&#8220; background_color=&#8220;#ffffff&#8220; background_layout=&#8220;light&#8220; hover_enabled=&#8220;0&#8243; button_one_letter_spacing_hover=&#8220;0&#8243; button_two_letter_spacing_hover=&#8220;0&#8243; button_one_text_size__hover_enabled=&#8220;off&#8220; button_two_text_size__hover_enabled=&#8220;off&#8220; button_one_text_color__hover_enabled=&#8220;off&#8220; button_two_text_color__hover_enabled=&#8220;off&#8220; button_one_border_width__hover_enabled=&#8220;off&#8220; button_two_border_width__hover_enabled=&#8220;off&#8220; button_one_border_color__hover_enabled=&#8220;off&#8220; button_two_border_color__hover_enabled=&#8220;off&#8220; button_one_border_radius__hover_enabled=&#8220;off&#8220; button_two_border_radius__hover_enabled=&#8220;off&#8220; button_one_letter_spacing__hover_enabled=&#8220;on&#8220; button_one_letter_spacing__hover=&#8220;0&#8243; button_two_letter_spacing__hover_enabled=&#8220;on&#8220; button_two_letter_spacing__hover=&#8220;0&#8243; button_one_bg_color__hover_enabled=&#8220;off&#8220; button_two_bg_color__hover_enabled=&#8220;off&#8220;][\/et_pb_fullwidth_header][\/et_pb_section][et_pb_section fb_built=&#8220;1&#8243; custom_padding_last_edited=&#8220;on|desktop&#8220; disabled_on=&#8220;on|on|on&#8220; admin_label=&#8220;Sektion&#8220; _builder_version=&#8220;3.22&#8243; custom_padding_tablet=&#8220;50px|0|50px|0&#8243; transparent_background=&#8220;off&#8220; padding_mobile=&#8220;off&#8220; make_fullwidth=&#8220;off&#8220; use_custom_width=&#8220;off&#8220; width_unit=&#8220;on&#8220; custom_width_px=&#8220;1080px&#8220; custom_width_percent=&#8220;80%&#8220; disabled=&#8220;on&#8220;][et_pb_row padding_mobile=&#8220;off&#8220; column_padding_mobile=&#8220;on&#8220; admin_label=&#8220;R\u00e6kke&#8220; _builder_version=&#8220;3.25&#8243; background_size=&#8220;initial&#8220; background_position=&#8220;top_left&#8220; background_repeat=&#8220;repeat&#8220; make_fullwidth=&#8220;off&#8220; use_custom_width=&#8220;off&#8220; width_unit=&#8220;off&#8220; custom_width_px=&#8220;1080px&#8220; custom_width_percent=&#8220;80%&#8220;][et_pb_column type=&#8220;4_4&#8243; _builder_version=&#8220;3.25&#8243; custom_padding=&#8220;|||&#8220; custom_padding__hover=&#8220;|||&#8220;][et_pb_text admin_label=&#8220;Br\u00f8dtekst&#8220; _builder_version=&#8220;3.27.4&#8243; text_font=&#8220;Lato||||&#8220; text_font_size=&#8220;16&#8243; background_size=&#8220;initial&#8220; background_position=&#8220;top_left&#8220; background_repeat=&#8220;repeat&#8220; use_border_color=&#8220;off&#8220; border_style=&#8220;solid&#8220;]<\/p>\n<p>Hos Johannesen kran og maskintransport ApS har vi udvidet vores kompentencefelt og er nu ogs\u00e5 blevet omlastningscentral.\u00a0Har du ikke selv plads til at opbevare dit gods, skal du ikke t\u00f8ve med at kontakte os.\u00a0Vi kan tilbyde dig opbevaring af diverse materialer b\u00e5de indend\u00f8rs og udend\u00f8rs. Vi har mange \u00e5rs erfaring i h\u00e5ndtering af diverse gods og kan fragte dit gods lige derhen, hvor du skal bruge det.\u00a0Vi kalder det <em>Just in time princippet.<\/em><\/p>\n<p>For os har det v\u00e6ret vigtigt at udvikle en totall\u00f8sning for vores kunder. Har du derfor brug for at f\u00e5 hejst materialer op inde i K\u00f8benhavn, tilbyder vi at k\u00f8re ind og ops\u00e6tte parkeringsforbudsskilte, s\u00e5 det er muligt at komme til p\u00e5 dagen. Vi s\u00f8rger for at have de rette tilladelser, som skal s\u00f8ges hos kommunen, og vi p\u00e5tager os at underrette redningstjenester, politi, m.m. Vi har alts\u00e5 gjort det s\u00e5 enkelt for dig som muligt.<\/p>\n<p>Har du en opgave, som du overvejer, at vi skal hj\u00e6lpe dig med, tilbyder vi at besigtige opgaven uden beregning. For os er det vigtigt, at der bruges tid p\u00e5 at unders\u00f8ge opgaven og diskutere eventuelle problemomr\u00e5der, inden opgaven p\u00e5begyndes. Vi ved, at det har stor indflydelse p\u00e5 opgavens udfald, og ved at forarbejdet er vigtigt, for at en opgave kan udf\u00f8res p\u00e5 bedste vis.<\/p>\n<p>&nbsp;<\/p>\n<p>[\/et_pb_text][\/et_pb_column][\/et_pb_row][et_pb_row padding_mobile=&#8220;off&#8220; column_padding_mobile=&#8220;on&#8220; disabled_on=&#8220;on|on|on&#8220; admin_label=&#8220;R\u00e6kke&#8220; _builder_version=&#8220;3.25&#8243; background_size=&#8220;initial&#8220; background_position=&#8220;top_left&#8220; background_repeat=&#8220;repeat&#8220; make_fullwidth=&#8220;off&#8220; use_custom_width=&#8220;off&#8220; width_unit=&#8220;on&#8220; custom_width_px=&#8220;1080px&#8220; custom_width_percent=&#8220;80%&#8220; disabled=&#8220;on&#8220; column_structure=&#8220;1_2,1_2&#8243;][et_pb_column type=&#8220;1_2&#8243; _builder_version=&#8220;3.25&#8243; custom_padding=&#8220;|||&#8220; custom_padding__hover=&#8220;|||&#8220;][et_pb_image src=&#8220;https:\/\/johannesen-maskintransport.dk\/wp-content\/uploads\/2016\/03\/C7T9574.jpg&#8220; align_tablet=&#8220;center&#8220; align_last_edited=&#8220;on|desktop&#8220; admin_label=&#8220;Billede&#8220; _builder_version=&#8220;3.23&#8243; animation_style=&#8220;slide&#8220; animation_direction=&#8220;left&#8220; animation_duration=&#8220;500ms&#8220; animation_intensity_slide=&#8220;10%&#8220; use_border_color=&#8220;off&#8220; border_color=&#8220;#ffffff&#8220; border_width=&#8220;1px&#8220; border_style=&#8220;solid&#8220; sticky=&#8220;off&#8220; always_center_on_mobile=&#8220;on&#8220;][\/et_pb_image][\/et_pb_column][et_pb_column type=&#8220;1_2&#8243; _builder_version=&#8220;3.25&#8243; custom_padding=&#8220;|||&#8220; custom_padding__hover=&#8220;|||&#8220;][et_pb_image src=&#8220;https:\/\/johannesen-maskintransport.dk\/wp-content\/uploads\/2016\/03\/C7T9293.jpg&#8220; align_tablet=&#8220;center&#8220; align_last_edited=&#8220;on|desktop&#8220; admin_label=&#8220;Billede&#8220; _builder_version=&#8220;3.23&#8243; animation_style=&#8220;slide&#8220; animation_direction=&#8220;left&#8220; animation_duration=&#8220;500ms&#8220; animation_intensity_slide=&#8220;10%&#8220; use_border_color=&#8220;off&#8220; border_color=&#8220;#ffffff&#8220; border_width=&#8220;1px&#8220; border_style=&#8220;solid&#8220; sticky=&#8220;off&#8220; always_center_on_mobile=&#8220;on&#8220;][\/et_pb_image][\/et_pb_column][\/et_pb_row][\/et_pb_section][et_pb_section fb_built=&#8220;1&#8243; fullwidth=&#8220;on&#8220; custom_padding_last_edited=&#8220;on|desktop&#8220; admin_label=&#8220;Sektion&#8220; _builder_version=&#8220;3.22&#8243; custom_padding_tablet=&#8220;50px|0|50px|0&#8243; transparent_background=&#8220;off&#8220; padding_mobile=&#8220;off&#8220; make_fullwidth=&#8220;off&#8220; use_custom_width=&#8220;off&#8220; width_unit=&#8220;off&#8220; custom_width_px=&#8220;1080px&#8220; custom_width_percent=&#8220;80%&#8220;][et_pb_fullwidth_header content_max_width=&#8220;none&#8220; admin_label=&#8220;Fuldbredde Overskrift&#8220; _builder_version=&#8220;3.16&#8243; content_font_size=&#8220;14px&#8220; background_color=&#8220;#ffffff&#8220; background_layout=&#8220;light&#8220; custom_css_main_element=&#8220;padding: 0;&#8220; button_one_letter_spacing_hover=&#8220;0&#8243; button_two_letter_spacing_hover=&#8220;0&#8243; button_one_text_size__hover_enabled=&#8220;off&#8220; button_two_text_size__hover_enabled=&#8220;off&#8220; button_one_text_color__hover_enabled=&#8220;off&#8220; button_two_text_color__hover_enabled=&#8220;off&#8220; button_one_border_width__hover_enabled=&#8220;off&#8220; button_two_border_width__hover_enabled=&#8220;off&#8220; button_one_border_color__hover_enabled=&#8220;off&#8220; button_two_border_color__hover_enabled=&#8220;off&#8220; button_one_border_radius__hover_enabled=&#8220;off&#8220; button_two_border_radius__hover_enabled=&#8220;off&#8220; button_one_letter_spacing__hover_enabled=&#8220;on&#8220; button_one_letter_spacing__hover=&#8220;0&#8243; button_two_letter_spacing__hover_enabled=&#8220;on&#8220; button_two_letter_spacing__hover=&#8220;0&#8243; button_one_bg_color__hover_enabled=&#8220;off&#8220; button_two_bg_color__hover_enabled=&#8220;off&#8220;]<\/p>\n<h2>ALLEGEMEINE KRANWAGEN<\/h2>\n<p>[\/et_pb_fullwidth_header][\/et_pb_section][et_pb_section fb_built=&#8220;1&#8243; custom_padding_last_edited=&#8220;on|desktop&#8220; admin_label=&#8220;Sektion&#8220; _builder_version=&#8220;3.22&#8243; custom_padding_tablet=&#8220;50px|0|50px|0&#8243; transparent_background=&#8220;off&#8220; padding_mobile=&#8220;off&#8220; make_fullwidth=&#8220;off&#8220; use_custom_width=&#8220;off&#8220; width_unit=&#8220;off&#8220; custom_width_px=&#8220;1080px&#8220; custom_width_percent=&#8220;80%&#8220;][et_pb_row padding_mobile=&#8220;off&#8220; column_padding_mobile=&#8220;on&#8220; admin_label=&#8220;R\u00e6kke&#8220; _builder_version=&#8220;3.25&#8243; background_size=&#8220;initial&#8220; background_position=&#8220;top_left&#8220; background_repeat=&#8220;repeat&#8220; make_fullwidth=&#8220;off&#8220; use_custom_width=&#8220;off&#8220; width_unit=&#8220;on&#8220; custom_width_px=&#8220;1080px&#8220; custom_width_percent=&#8220;80%&#8220; column_structure=&#8220;1_4,1_4,1_4,1_4&#8243;][et_pb_column type=&#8220;1_4&#8243; _builder_version=&#8220;3.25&#8243; custom_padding=&#8220;20px|10px|10px|10px&#8220; custom_padding__hover=&#8220;|||&#8220;][et_pb_blurb image=&#8220;https:\/\/johannesen-maskintransport.dk\/wp-content\/uploads\/2016\/03\/vogn2-1-1.jpg&#8220; image_max_width=&#8220;none&#8220; admin_label=&#8220;Billede og tekst 1&#8243; _builder_version=&#8220;3.0.87&#8243; background_size=&#8220;initial&#8220; background_position=&#8220;top_left&#8220; background_repeat=&#8220;repeat&#8220; custom_padding=&#8220;|15px|5px|15px&#8220; animation=&#8220;off&#8220; use_border_color=&#8220;off&#8220; border_color=&#8220;#ffffff&#8220; border_width=&#8220;1px&#8220; border_style=&#8220;solid&#8220;]<\/p>\n<div><u><strong>Wagen\u00a01, Frank Jensen<\/strong><\/u><\/div>\n<div><strong style=\"font-size: 16px; color: #ff0000; font-family: Lato, Helvetica, Arial, Lucida, sans-serif;\">\u203a \u00a0<\/strong>80\u00a0t\/m Kranwagen\u00a0mit einer Reichweite vom 28 m (waagerecht) oder 31 m (senkrecht)<\/div>\n<div><strong style=\"font-size: 16px; color: #ff0000; font-family: Lato, Helvetica, Arial, Lucida, sans-serif;\">\u203a \u00a0<\/strong>Ladeh\u00f6he 0,80 m. &#8211; 1,50 m.<\/div>\n<div><strong style=\"font-size: 16px; color: #ff0000; font-family: Lato, Helvetica, Arial, Lucida, sans-serif;\">\u203a \u00a0<\/strong>Ladefl\u00e4che 4 &#8211; 12 m.<\/div>\n<div><strong style=\"font-size: 16px; color: #ff0000; font-family: Lato, Helvetica, Arial, Lucida, sans-serif;\">\u203a \u00a0<\/strong><span style=\"font-size: 15px;\">3 achsen.<\/span><\/div>\n<div><strong style=\"font-size: 16px; color: #ff0000; font-family: Lato, Helvetica, Arial, Lucida, sans-serif;\">\u203a \u00a0<\/strong>Nutzlast: 20 t.<\/div>\n<div><strong style=\"font-size: 16px; color: #ff0000; font-family: Lato, Helvetica, Arial, Lucida, sans-serif;\">\u203a \u00a0<\/strong>Anh\u00e4ngerkupplung.<\/div>\n<p>[\/et_pb_blurb][\/et_pb_column][et_pb_column type=&#8220;1_4&#8243; _builder_version=&#8220;3.25&#8243; custom_padding=&#8220;|||&#8220; custom_padding__hover=&#8220;|||&#8220;][et_pb_blurb image=&#8220;https:\/\/johannesen-maskintransport.dk\/wp-content\/uploads\/2016\/03\/vogn1-2-2.jpg&#8220; image_max_width=&#8220;none&#8220; admin_label=&#8220;Billede og tekst 2&#8243; _builder_version=&#8220;3.0.87&#8243; background_size=&#8220;initial&#8220; background_position=&#8220;top_left&#8220; background_repeat=&#8220;repeat&#8220; animation=&#8220;off&#8220; use_border_color=&#8220;off&#8220; border_color=&#8220;#ffffff&#8220; border_width=&#8220;1px&#8220; border_style=&#8220;solid&#8220;]<\/p>\n<div><u><strong>Wagen 2, Allan Moesgaard<\/strong><\/u><\/div>\n<div align=\"center\"><\/div>\n<ul>\n<li>\n<div>25&nbsp;t\/m Kranwagen mit einer Reichweite von 12 m (waagerecht) oder 15 m (senkrecht)<\/div>\n<\/li>\n<li>Ladeh&ouml;he: 1,00 m<\/li>\n<li>Ladefl&auml;che: 6,75 m<\/li>\n<li>Achsen: 3<\/li>\n<li>Nutzlast: 5,5 t<\/li>\n<li>Anh&auml;ngerkupplung<\/li>\n<\/ul>\n<p>[\/et_pb_blurb][\/et_pb_column][et_pb_column type=&#8220;1_4&#8243; _builder_version=&#8220;3.25&#8243; custom_padding=&#8220;|||&#8220; custom_padding__hover=&#8220;|||&#8220;][et_pb_blurb image=&#8220;https:\/\/johannesen-maskintransport.dk\/wp-content\/uploads\/2016\/03\/rigtigstorrelselastbil.png&#8220; image_max_width=&#8220;none&#8220; admin_label=&#8220;Billede og tekst 3&#8243; _builder_version=&#8220;3.0.87&#8243; background_size=&#8220;initial&#8220; background_position=&#8220;top_left&#8220; background_repeat=&#8220;repeat&#8220; animation=&#8220;off&#8220; use_border_color=&#8220;off&#8220; border_color=&#8220;#ffffff&#8220; border_width=&#8220;1px&#8220; border_style=&#8220;solid&#8220;]<\/p>\n<div><u><strong>Wagen 3, Fritz Nielsen<\/strong><\/u><\/div>\n<div align=\"center\"><\/div>\n<ul>\n<li>\n<div>25&nbsp;t\/m Kranwagen mit einer Reichweite von 12 m (waagerecht) oder 15 m (senkrecht)<\/div>\n<\/li>\n<li>Ladeh&ouml;he: 1,10 m<\/li>\n<li>Ladefl&auml;che: 6,50 m<\/li>\n<li>Achsen: 3<\/li>\n<li>Nutzlast: 10 t<\/li>\n<li>Anh&auml;ngerkupplung<\/li>\n<\/ul>\n<p>[\/et_pb_blurb][\/et_pb_column][et_pb_column type=&#8220;1_4&#8243; _builder_version=&#8220;3.25&#8243; custom_padding=&#8220;|||&#8220; custom_padding__hover=&#8220;|||&#8220;][et_pb_blurb image=&#8220;https:\/\/johannesen-maskintransport.dk\/wp-content\/uploads\/2016\/03\/rigtigstorrelselastbil1.png&#8220; image_max_width=&#8220;none&#8220; admin_label=&#8220;Billede og tekst 4&#8243; _builder_version=&#8220;3.0.87&#8243; background_size=&#8220;initial&#8220; background_position=&#8220;top_left&#8220; background_repeat=&#8220;repeat&#8220; animation=&#8220;off&#8220; use_border_color=&#8220;off&#8220; border_color=&#8220;#ffffff&#8220; border_width=&#8220;1px&#8220; border_style=&#8220;solid&#8220;]<\/p>\n<div><u><strong>Wagen&nbsp;4, Michael Jensen<\/strong><\/u><\/div>\n<div align=\"center\"><\/div>\n<ul>\n<li>\n<div>175&nbsp;t\/m Kranwagen mit einer Reichweite von 45 m (waagerecht) oder 49 m (senkgerecht)<\/div>\n<\/li>\n<li>Anh&auml;ngerkupplung<\/li>\n<li>Achsen: 4<\/li>\n<li>Nutzlast des Anh&auml;ngers: 10 t<\/li>\n<\/ul>\n<p>[\/et_pb_blurb][\/et_pb_column][\/et_pb_row][\/et_pb_section][et_pb_section fb_built=&#8220;1&#8243; custom_padding_last_edited=&#8220;on|desktop&#8220; admin_label=&#8220;Sektion&#8220; _builder_version=&#8220;3.22&#8243; background_color=&#8220;#f7f7f7&#8243; custom_padding_tablet=&#8220;50px|0|50px|0&#8243; transparent_background=&#8220;off&#8220; padding_mobile=&#8220;off&#8220; make_fullwidth=&#8220;off&#8220; use_custom_width=&#8220;off&#8220; width_unit=&#8220;on&#8220; custom_width_px=&#8220;1080px&#8220; custom_width_percent=&#8220;80%&#8220;][et_pb_row padding_mobile=&#8220;off&#8220; column_padding_mobile=&#8220;on&#8220; admin_label=&#8220;R\u00e6kke&#8220; _builder_version=&#8220;3.25&#8243; background_color=&#8220;#f7f7f7&#8243; background_size=&#8220;initial&#8220; background_position=&#8220;top_left&#8220; background_repeat=&#8220;repeat&#8220; make_fullwidth=&#8220;off&#8220; use_custom_width=&#8220;off&#8220; width_unit=&#8220;on&#8220; custom_width_px=&#8220;1080px&#8220; custom_width_percent=&#8220;80%&#8220; column_structure=&#8220;1_4,1_4,1_4,1_4&#8243;][et_pb_column type=&#8220;1_4&#8243; _builder_version=&#8220;3.25&#8243; custom_padding=&#8220;|||&#8220; custom_padding__hover=&#8220;|||&#8220;][et_pb_blurb image=&#8220;https:\/\/johannesen-maskintransport.dk\/wp-content\/uploads\/2016\/03\/rigtigstorrelselastbil3.png&#8220; image_max_width=&#8220;none&#8220; admin_label=&#8220;Billede og tekst 5&#8243; _builder_version=&#8220;3.0.87&#8243; background_size=&#8220;initial&#8220; background_position=&#8220;top_left&#8220; background_repeat=&#8220;repeat&#8220; animation=&#8220;off&#8220; use_border_color=&#8220;off&#8220; border_color=&#8220;#ffffff&#8220; border_width=&#8220;1px&#8220; border_style=&#8220;solid&#8220;]<\/p>\n<p class=\"rtecenter\"><u><strong>Wagen 5, Jens Pedersen<\/strong><\/u><\/p>\n<ul>\n<li>125 t\/m Kranwagen mit einer Reichweite von 26 m.&nbsp;(waagerecht) oder 29 m (senkrecht)<\/li>\n<li>Anh&auml;ngerkupplung<\/li>\n<li>Achsen: 4<\/li>\n<li><span style=\"font-size: 15px; background-color: #ffffff;\"><span style=\"font-size: 15px; background-color: #f7f7f7;\">Nutzlast<\/span><\/span>&nbsp;des Anh&auml;ngers: 10 t<\/li>\n<\/ul>\n<p>[\/et_pb_blurb][\/et_pb_column][et_pb_column type=&#8220;1_4&#8243; _builder_version=&#8220;3.25&#8243; custom_padding=&#8220;|||&#8220; custom_padding__hover=&#8220;|||&#8220;][et_pb_blurb image=&#8220;https:\/\/johannesen-maskintransport.dk\/wp-content\/uploads\/2016\/03\/rigtigstorrelselastbil2.png&#8220; image_max_width=&#8220;none&#8220; admin_label=&#8220;Billede og tekst 6&#8243; _builder_version=&#8220;3.0.87&#8243; background_size=&#8220;initial&#8220; background_position=&#8220;top_left&#8220; background_repeat=&#8220;repeat&#8220; animation=&#8220;off&#8220; use_border_color=&#8220;off&#8220; border_color=&#8220;#ffffff&#8220; border_width=&#8220;1px&#8220; border_style=&#8220;solid&#8220;]<\/p>\n<div><u><strong>Wagen 6,&nbsp;Jacob Winther<\/strong><\/u><\/div>\n<div align=\"center\"><\/div>\n<ul>\n<li>25 t\/m Kranwagen mit einer Reichweite von 12 m (waagerecht) oder 15 m (senkrecht)<\/li>\n<li>Ladeh&ouml;he: 1,00 m<\/li>\n<li>Ladefl&auml;che: 6,50 m<\/li>\n<li>Achsen: 3<\/li>\n<li>Nutzlast: 9 t<\/li>\n<li>Anh&auml;ngerkupplung<\/li>\n<\/ul>\n<p>[\/et_pb_blurb][\/et_pb_column][et_pb_column type=&#8220;1_4&#8243; _builder_version=&#8220;3.25&#8243; custom_padding=&#8220;|||&#8220; custom_padding__hover=&#8220;|||&#8220;][et_pb_blurb image=&#8220;https:\/\/johannesen-maskintransport.dk\/wp-content\/uploads\/2016\/12\/nyt-billede.jpg&#8220; image_max_width=&#8220;none&#8220; admin_label=&#8220;NYT BILLEDE P\u00c5 VEJ&#8220; _builder_version=&#8220;3.0.87&#8243; header_font_size=&#8220;21&#8243; background_size=&#8220;initial&#8220; background_position=&#8220;top_left&#8220; background_repeat=&#8220;repeat&#8220; animation=&#8220;off&#8220; use_border_color=&#8220;off&#8220; border_color=&#8220;#ffffff&#8220; border_width=&#8220;1px&#8220; border_style=&#8220;solid&#8220;]<\/p>\n<div style=\"text-align: left;\" align=\"center\"><u><strong>Wagen\u00a07,\u00a0Jesper Scholthfeldt<\/strong><\/u><\/div>\n<ul>\n<li>\n<div>95\u00a0t\/m Kranwagen mit einer Reichweite von 33 m (waagerecht) oder 37 m (senkrecht)<\/div>\n<\/li>\n<li>Ladeh\u00f6he: 1,00 m<\/li>\n<li>Ladefl\u00e4che: 7,50 \/ 8,70 m wegen<\/li>\n<li>Achsen: 4<\/li>\n<li>Nutzlast: 5,5 t<\/li>\n<li>\n<div>Anh\u00e4ngerkupplung.<\/div>\n<\/li>\n<\/ul>\n<p>[\/et_pb_blurb][\/et_pb_column][et_pb_column type=&#8220;1_4&#8243; _builder_version=&#8220;3.25&#8243; custom_padding=&#8220;|||&#8220; custom_padding__hover=&#8220;|||&#8220;][et_pb_blurb image=&#8220;https:\/\/johannesen-maskintransport.dk\/wp-content\/uploads\/2016\/03\/kranbil8-1.jpg&#8220; image_max_width=&#8220;none&#8220; admin_label=&#8220;Billede og tekst 8&#8243; _builder_version=&#8220;3.0.87&#8243; background_size=&#8220;initial&#8220; background_position=&#8220;top_left&#8220; background_repeat=&#8220;repeat&#8220; animation=&#8220;off&#8220; use_border_color=&#8220;off&#8220; border_color=&#8220;#ffffff&#8220; border_width=&#8220;1px&#8220; border_style=&#8220;solid&#8220;]<\/p>\n<div><u><strong>Wagen 8, Johnny Rasmussen<\/strong><\/u><\/div>\n<div align=\"center\"><\/div>\n<ul>\n<li>\n<div>110&nbsp;t\/m Kranwagen mit einer Reichweite von 31,5 m (waagerecht) oder 34 m (senkrecht)<\/div>\n<\/li>\n<li>Ladeh&ouml;he: 1,10 m<\/li>\n<li>Ladefl&auml;che: 7,50 \/ 8,70 m wegen<\/li>\n<li>Achsen:&nbsp; 4<\/li>\n<li>Nutzlast: 5,5 t<\/li>\n<li>Anh&auml;ngerkupplung<\/li>\n<\/ul>\n<p>[\/et_pb_blurb][\/et_pb_column][\/et_pb_row][\/et_pb_section][et_pb_section fb_built=&#8220;1&#8243; custom_padding_last_edited=&#8220;on|desktop&#8220; admin_label=&#8220;Sektion&#8220; _builder_version=&#8220;3.22&#8243; custom_padding_tablet=&#8220;50px|0|50px|0&#8243; transparent_background=&#8220;off&#8220; padding_mobile=&#8220;off&#8220; make_fullwidth=&#8220;off&#8220; use_custom_width=&#8220;off&#8220; width_unit=&#8220;off&#8220; custom_width_px=&#8220;1080px&#8220; custom_width_percent=&#8220;80%&#8220;][et_pb_row padding_mobile=&#8220;off&#8220; column_padding_mobile=&#8220;on&#8220; admin_label=&#8220;R\u00e6kke&#8220; _builder_version=&#8220;3.25&#8243; background_size=&#8220;initial&#8220; background_position=&#8220;top_left&#8220; background_repeat=&#8220;repeat&#8220; make_fullwidth=&#8220;off&#8220; use_custom_width=&#8220;off&#8220; width_unit=&#8220;off&#8220; custom_width_px=&#8220;1080px&#8220; custom_width_percent=&#8220;80%&#8220; column_structure=&#8220;1_4,1_4,1_4,1_4&#8243;][et_pb_column type=&#8220;1_4&#8243; _builder_version=&#8220;3.25&#8243; custom_padding=&#8220;|||&#8220; custom_padding__hover=&#8220;|||&#8220;][et_pb_blurb image=&#8220;https:\/\/johannesen-maskintransport.dk\/wp-content\/uploads\/2016\/03\/kranbil9.jpg&#8220; image_max_width=&#8220;none&#8220; admin_label=&#8220;Billede og tekst 9&#8243; _builder_version=&#8220;3.0.87&#8243; background_size=&#8220;initial&#8220; background_position=&#8220;top_left&#8220; background_repeat=&#8220;repeat&#8220; animation=&#8220;off&#8220; use_border_color=&#8220;off&#8220; border_color=&#8220;#ffffff&#8220; border_width=&#8220;1px&#8220; border_style=&#8220;solid&#8220;]<\/p>\n<div><u><strong>Wagen&nbsp;9, Kim Hj&oslash;rleif<\/strong><\/u><\/div>\n<div align=\"center\"><\/div>\n<ul>\n<li>\n<div>46&nbsp;t\/m Kranwagen mit einer Reichweite von 9 m (waagerecht) oder 12 m (senkrecht)<\/div>\n<\/li>\n<li>Ladeh&ouml;he: 1,10 m<\/li>\n<li>Ladefl&auml;che: 5,50 m<\/li>\n<li>Achsen: 3<\/li>\n<li>Nutzlast: 6 t<\/li>\n<li>Anh&auml;ngerkupplung<\/li>\n<\/ul>\n<p>[\/et_pb_blurb][\/et_pb_column][et_pb_column type=&#8220;1_4&#8243; _builder_version=&#8220;3.25&#8243; custom_padding=&#8220;|||&#8220; custom_padding__hover=&#8220;|||&#8220;][et_pb_blurb image=&#8220;https:\/\/johannesen-maskintransport.dk\/wp-content\/uploads\/2016\/12\/nyt-billede.jpg&#8220; image_max_width=&#8220;none&#8220; admin_label=&#8220;NYT BILLEDE P\u00c5 VEJ&#8220; _builder_version=&#8220;3.0.87&#8243; background_size=&#8220;initial&#8220; background_position=&#8220;top_left&#8220; background_repeat=&#8220;repeat&#8220; animation=&#8220;off&#8220; use_border_color=&#8220;off&#8220; border_color=&#8220;#ffffff&#8220; border_width=&#8220;1px&#8220; border_style=&#8220;solid&#8220;]<\/p>\n<p class=\"rtecenter\"><u style=\"font-size: 15px;\"><strong style=\"font-size: 15px;\">Wagen<\/strong><\/u><u><strong>&nbsp;10, Jens Veje<\/strong><\/u><\/p>\n<ul>\n<li>33 t\/m&nbsp;<span style=\"font-size: 15px; background-color: #ffffff;\">Kranwagen mit einer Reichweite von<\/span>&nbsp;22 m.<span style=\"font-size: 15px; background-color: #ffffff;\">&nbsp;(waagerecht) oder<\/span>&nbsp;25 m.&nbsp;<span style=\"font-size: 15px; background-color: #ffffff;\">(senkgerecht)<\/span><\/li>\n<li><span style=\"font-size: 15px; background-color: #ffffff;\">Ladeh&ouml;he:<\/span>&nbsp;1,00 m.<\/li>\n<li><span style=\"font-size: 15px; background-color: #ffffff;\">Ladefl&auml;che:&nbsp;<\/span>6 m.<\/li>\n<li><span style=\"font-size: 15px; background-color: #ffffff;\">Achsen:&nbsp;<\/span>3<\/li>\n<li><span style=\"font-size: 15px; background-color: #ffffff;\">Nutzlast:<\/span>&nbsp;10 t.<\/li>\n<li style=\"font-size: 15px;\">Anh&auml;ngerkupplung<\/li>\n<\/ul>\n<p>[\/et_pb_blurb][\/et_pb_column][et_pb_column type=&#8220;1_4&#8243; _builder_version=&#8220;3.25&#8243; custom_padding=&#8220;|||&#8220; custom_padding__hover=&#8220;|||&#8220;][et_pb_blurb image=&#8220;https:\/\/johannesen-maskintransport.dk\/wp-content\/uploads\/2016\/12\/nyt-billede.jpg&#8220; image_max_width=&#8220;none&#8220; admin_label=&#8220;NYT BILLEDE P\u00c5 VEJ&#8220; _builder_version=&#8220;3.0.87&#8243; header_font_size=&#8220;21&#8243; background_size=&#8220;initial&#8220; background_position=&#8220;top_left&#8220; background_repeat=&#8220;repeat&#8220; animation=&#8220;off&#8220; use_border_color=&#8220;off&#8220; border_color=&#8220;#ffffff&#8220; border_width=&#8220;1px&#8220; border_style=&#8220;solid&#8220;]<\/p>\n<p><u style=\"font-size: 15px;\"><strong style=\"font-size: 15px;\">Wagen<\/strong><\/u><u><strong>&nbsp;11,&nbsp;Kim Prang<\/strong><\/u><\/p>\n<ul>\n<li>95 t\/m&nbsp;<span style=\"font-size: 15px; background-color: #ffffff;\">Kranwagen mit einer Reichweite von<\/span>&nbsp;31 m.&nbsp;<span style=\"font-size: 15px; background-color: #ffffff;\">(waagerecht) oder<\/span>&nbsp;35 m.&nbsp;<span style=\"font-size: 15px; background-color: #ffffff;\">(senkgerecht)<\/span><\/li>\n<li><span style=\"font-size: 15px; background-color: #ffffff;\">Ladeh&ouml;he:<\/span>&nbsp;1,00 m.<\/li>\n<li><span style=\"font-size: 15px; background-color: #ffffff;\">Ladefl&auml;che:<\/span>7,00 \/ 8,40 m.&nbsp;<\/li>\n<li><span style=\"font-size: 15px; background-color: #ffffff;\">Achsen:&nbsp;<\/span>4<\/li>\n<li><span style=\"font-size: 15px; background-color: #ffffff;\">Nutzlast:<\/span>&nbsp;8 ton.<\/li>\n<li style=\"font-size: 15px;\">Anh&auml;ngerkupplung<\/li>\n<li>Hydraulische Bootst&uuml;tzen<\/li>\n<li>Wire Spil.<\/li>\n<\/ul>\n<p>[\/et_pb_blurb][\/et_pb_column][et_pb_column type=&#8220;1_4&#8243; _builder_version=&#8220;3.25&#8243; custom_padding=&#8220;|||&#8220; custom_padding__hover=&#8220;|||&#8220;][et_pb_blurb image=&#8220;https:\/\/johannesen-maskintransport.dk\/wp-content\/uploads\/2016\/03\/kranbil12.jpg&#8220; image_max_width=&#8220;none&#8220; admin_label=&#8220;Billede og tekst 12&#8243; _builder_version=&#8220;3.0.87&#8243; background_size=&#8220;initial&#8220; background_position=&#8220;top_left&#8220; background_repeat=&#8220;repeat&#8220; animation=&#8220;off&#8220; use_border_color=&#8220;off&#8220; border_color=&#8220;#ffffff&#8220; border_width=&#8220;1px&#8220; border_style=&#8220;solid&#8220;]<\/p>\n<div><u style=\"font-size: 15px;\"><strong style=\"font-size: 15px;\">Wagen<\/strong><\/u><u><strong>&nbsp;12,&nbsp;Poul Mathiesen<\/strong><\/u><\/div>\n<div align=\"center\"><\/div>\n<ul>\n<li>\n<div>36&nbsp;t\/m&nbsp;<span style=\"font-size: 15px; background-color: #ffffff;\">Kranwagen mit einer Reichweite von<\/span>&nbsp;16 m.&nbsp;<span style=\"font-size: 15px; background-color: #ffffff;\">(waagerecht) oder<\/span>&nbsp;19 m.<span style=\"font-size: 15px; background-color: #ffffff;\">(senkgerecht)<\/span><\/div>\n<\/li>\n<li>\n<div>\n<div><span style=\"font-size: 15px; background-color: #ffffff;\">Ladeh&ouml;he:<\/span>&nbsp;1,00 m.<\/div>\n<\/div>\n<\/li>\n<li>\n<div><span style=\"font-size: 15px; background-color: #ffffff;\">Ladefl&auml;che:&nbsp;<\/span>6,50 m.&nbsp;<\/div>\n<\/li>\n<li>\n<div><span style=\"font-size: 15px; background-color: #ffffff;\">Achsen:&nbsp;<\/span>3<\/div>\n<\/li>\n<li>\n<div><span style=\"font-size: 15px; background-color: #ffffff;\">Nutzlast:&nbsp;<\/span>8 t.<\/div>\n<\/li>\n<li>\n<div><span style=\"font-size: 15px;\">Anh&auml;ngerkupplung<\/span><\/div>\n<\/li>\n<\/ul>\n<p>[\/et_pb_blurb][\/et_pb_column][\/et_pb_row][\/et_pb_section][et_pb_section fb_built=&#8220;1&#8243; custom_padding_last_edited=&#8220;on|desktop&#8220; admin_label=&#8220;Sektion&#8220; _builder_version=&#8220;3.22&#8243; background_color=&#8220;#f7f7f7&#8243; custom_padding_tablet=&#8220;50px|0|50px|0&#8243; transparent_background=&#8220;off&#8220; padding_mobile=&#8220;off&#8220; make_fullwidth=&#8220;off&#8220; use_custom_width=&#8220;off&#8220; width_unit=&#8220;on&#8220; custom_width_px=&#8220;1080px&#8220; custom_width_percent=&#8220;80%&#8220;][et_pb_row padding_mobile=&#8220;off&#8220; column_padding_mobile=&#8220;on&#8220; admin_label=&#8220;R\u00e6kke&#8220; _builder_version=&#8220;3.25&#8243; background_color=&#8220;#f7f7f7&#8243; background_size=&#8220;initial&#8220; background_position=&#8220;top_left&#8220; background_repeat=&#8220;repeat&#8220; custom_padding=&#8220;30.71875px|0px|30px|0px&#8220; make_fullwidth=&#8220;off&#8220; use_custom_width=&#8220;off&#8220; width_unit=&#8220;on&#8220; custom_width_px=&#8220;1080px&#8220; custom_width_percent=&#8220;80%&#8220; column_structure=&#8220;1_4,1_4,1_4,1_4&#8243;][et_pb_column type=&#8220;1_4&#8243; _builder_version=&#8220;3.25&#8243; custom_padding=&#8220;|||&#8220; custom_padding__hover=&#8220;|||&#8220;][et_pb_blurb image=&#8220;https:\/\/johannesen-maskintransport.dk\/wp-content\/uploads\/2016\/03\/rigtigstorrelselastbil14.png&#8220; image_max_width=&#8220;none&#8220; admin_label=&#8220;Vogn 14&#8243; _builder_version=&#8220;3.0.87&#8243; background_size=&#8220;initial&#8220; background_position=&#8220;top_left&#8220; background_repeat=&#8220;repeat&#8220; animation=&#8220;off&#8220; use_border_color=&#8220;off&#8220; border_color=&#8220;#ffffff&#8220; border_width=&#8220;1px&#8220; border_style=&#8220;solid&#8220;]<\/p>\n<div><u><strong>Vogn 14, Peter Jensen<\/strong><\/u><\/div>\n<div align=\"center\"><\/div>\n<ul>\n<li>\n<div>66&nbsp;t\/m&nbsp;<span style=\"font-size: 15px; background-color: #f7f7f7;\">Kranwagen mit einer Reichweite von 25&nbsp;m (waagerecht) oder<\/span>&nbsp;28 m. Op.<\/div>\n<\/li>\n<li>\n<div>\n<div>Ladeh&ouml;he:&nbsp;1,10 m.<\/div>\n<\/div>\n<\/li>\n<li>\n<div>Ladefl&auml;che:&nbsp;7,00 m.<\/div>\n<\/li>\n<li>\n<div><span style=\"font-size: 15px; background-color: #f7f7f7;\">Achsen:&nbsp;<\/span>4.<\/div>\n<\/li>\n<li>\n<div><span style=\"font-size: 15px; background-color: #f7f7f7;\">Nutzlast:<\/span>&nbsp;8 t.<\/div>\n<\/li>\n<li>\n<div>Anh&auml;ngerkupplung<\/div>\n<\/li>\n<li style=\"font-size: 15px;\">Hydraulische Bootst&uuml;tzen<\/li>\n<\/ul>\n<p>[\/et_pb_blurb][\/et_pb_column][et_pb_column type=&#8220;1_4&#8243; _builder_version=&#8220;3.25&#8243; custom_padding=&#8220;|||&#8220; custom_padding__hover=&#8220;|||&#8220;][et_pb_blurb image=&#8220;https:\/\/johannesen-maskintransport.dk\/wp-content\/uploads\/2016\/03\/rigtigstorrelselastbil15.png&#8220; image_max_width=&#8220;none&#8220; admin_label=&#8220;vogn 15&#8243; _builder_version=&#8220;3.0.87&#8243; background_size=&#8220;initial&#8220; background_position=&#8220;top_left&#8220; background_repeat=&#8220;repeat&#8220; animation=&#8220;off&#8220; use_border_color=&#8220;off&#8220; border_color=&#8220;#ffffff&#8220; border_width=&#8220;1px&#8220; border_style=&#8220;solid&#8220;]<\/p>\n<div><u style=\"font-size: 15px;\"><strong style=\"font-size: 15px;\">Wagen<\/strong><\/u><u><strong>&nbsp;15, Per Mortensen<\/strong><\/u><\/div>\n<div align=\"center\"><\/div>\n<ul>\n<li>\n<div>100&nbsp;t\/m&nbsp;<span style=\"font-size: 15px; background-color: #f7f7f7;\">Kranwagen mit einer Reichweite von 28&nbsp;m (waagerecht) oder<\/span>31 m.&nbsp;<span style=\"font-size: 15px; background-color: #f7f7f7;\">(senkrecht)<\/span>.<\/div>\n<\/li>\n<li>\n<div>\n<div>Ladeh&ouml;he&nbsp; 1,10 m.<\/div>\n<\/div>\n<\/li>\n<li>\n<div><span style=\"font-size: 15px; background-color: #f7f7f7;\">Ladefl&auml;che:&nbsp;<\/span>7,00 m.<\/div>\n<\/li>\n<li>\n<div><span style=\"font-size: 15px; background-color: #f7f7f7;\">Achsen: &nbsp;<\/span>4&nbsp;<\/div>\n<\/li>\n<li>\n<div><span style=\"font-size: 15px; background-color: #f7f7f7;\">Nutzlast:<\/span>&nbsp;6 t.<\/div>\n<\/li>\n<li>\n<div>Anh&auml;ngerkupplung<\/div>\n<\/li>\n<\/ul>\n<p>[\/et_pb_blurb][\/et_pb_column][et_pb_column type=&#8220;1_4&#8243; _builder_version=&#8220;3.25&#8243; custom_padding=&#8220;|||&#8220; custom_padding__hover=&#8220;|||&#8220;][et_pb_blurb image=&#8220;https:\/\/johannesen-maskintransport.dk\/wp-content\/uploads\/2016\/03\/rigtigstorrelselastbil16.png&#8220; image_max_width=&#8220;none&#8220; admin_label=&#8220;vogn 16&#8243; _builder_version=&#8220;3.0.87&#8243; header_font_size=&#8220;21&#8243; background_size=&#8220;initial&#8220; background_position=&#8220;top_left&#8220; background_repeat=&#8220;repeat&#8220; animation=&#8220;off&#8220; use_border_color=&#8220;off&#8220; border_color=&#8220;#ffffff&#8220; border_width=&#8220;1px&#8220; border_style=&#8220;solid&#8220;]<\/p>\n<div><u style=\"font-size: 15px;\"><strong style=\"font-size: 15px;\">Wagen<\/strong><\/u><u><strong>&nbsp;16, Ronnie Kristensen<\/strong><\/u><\/div>\n<div align=\"center\"><\/div>\n<ul>\n<li>\n<div>110&nbsp;t\/m&nbsp;<span style=\"font-size: 15px; background-color: #f7f7f7;\">Kranwagen mit einer Reichweite von 31,5 m (waagerecht) oder&nbsp;<\/span>34 m.&nbsp;<span style=\"font-size: 15px; background-color: #f7f7f7;\">(senkrecht)<\/span>.<\/div>\n<\/li>\n<li>\n<div>Ladeh&ouml;he :1,10 m.<\/div>\n<\/li>\n<li>\n<div><span style=\"font-size: 15px; background-color: #f7f7f7;\">Ladefl&auml;che&nbsp;<\/span>7,00 \/ 8,70 m.&nbsp;<\/div>\n<\/li>\n<li>\n<div><span style=\"font-size: 15px; background-color: #f7f7f7;\">Achsen:&nbsp;<\/span>4<\/div>\n<\/li>\n<li>\n<div><span style=\"font-size: 15px; background-color: #f7f7f7;\">Nutzlast:<\/span>&nbsp;5,5 t.<\/div>\n<\/li>\n<li>\n<div>Anh&auml;ngerkupplung<\/div>\n<\/li>\n<\/ul>\n<p>[\/et_pb_blurb][\/et_pb_column][et_pb_column type=&#8220;1_4&#8243; _builder_version=&#8220;3.25&#8243; custom_padding=&#8220;|||&#8220; custom_padding__hover=&#8220;|||&#8220;][et_pb_blurb image=&#8220;https:\/\/johannesen-maskintransport.dk\/wp-content\/uploads\/2016\/03\/rigtigstorrelselastbil17.png&#8220; image_max_width=&#8220;none&#8220; admin_label=&#8220;vogn 17&#8243; _builder_version=&#8220;3.0.87&#8243; background_size=&#8220;initial&#8220; background_position=&#8220;top_left&#8220; background_repeat=&#8220;repeat&#8220; animation=&#8220;off&#8220; use_border_color=&#8220;off&#8220; border_color=&#8220;#ffffff&#8220; border_width=&#8220;1px&#8220; border_style=&#8220;solid&#8220;]<\/p>\n<div><u><strong>Vogn 17, Arne Rasmussen<\/strong><\/u><\/div>\n<div align=\"center\"><\/div>\n<ul>\n<li>\n<div>66&nbsp;t\/m&nbsp;<span style=\"font-size: 15px; background-color: #f7f7f7;\">Kranwagen mit einer Reichweite von 16 m (waagerecht) oder<\/span>&nbsp;20 m.&nbsp;<span style=\"font-size: 15px; background-color: #f7f7f7;\">(senkrecht)<\/span>.<\/div>\n<\/li>\n<li>\n<div>\n<div>Ladeh&ouml;he: 1,00 m.<\/div>\n<\/div>\n<\/li>\n<li>\n<div><span style=\"font-size: 15px; background-color: #f7f7f7;\">Ladefl&auml;che:&nbsp;<\/span>7,00 \/ 8,70 m.<\/div>\n<\/li>\n<li>\n<div><span style=\"font-size: 15px; background-color: #f7f7f7;\">Achsen:&nbsp;<\/span>4&nbsp;<\/div>\n<\/li>\n<li>\n<div><span style=\"font-size: 15px; background-color: #f7f7f7;\">Nutzlast:<\/span>&nbsp;11 t.<\/div>\n<\/li>\n<li>\n<div>Anh&auml;ngerkupplung<\/div>\n<\/li>\n<li>\n<div>Hydraulische Bootst&uuml;tzen<\/div>\n<\/li>\n<\/ul>\n<p>[\/et_pb_blurb][\/et_pb_column][\/et_pb_row][\/et_pb_section][et_pb_section fb_built=&#8220;1&#8243; custom_padding_last_edited=&#8220;on|desktop&#8220; admin_label=&#8220;Sektion&#8220; _builder_version=&#8220;3.22&#8243; custom_padding_tablet=&#8220;50px|0|50px|0&#8243; transparent_background=&#8220;off&#8220; padding_mobile=&#8220;off&#8220; make_fullwidth=&#8220;off&#8220; use_custom_width=&#8220;off&#8220; width_unit=&#8220;off&#8220; custom_width_px=&#8220;1080px&#8220; custom_width_percent=&#8220;80%&#8220;][et_pb_row padding_mobile=&#8220;off&#8220; column_padding_mobile=&#8220;on&#8220; admin_label=&#8220;R\u00e6kke&#8220; _builder_version=&#8220;3.25&#8243; background_size=&#8220;initial&#8220; background_position=&#8220;top_left&#8220; background_repeat=&#8220;repeat&#8220; make_fullwidth=&#8220;off&#8220; use_custom_width=&#8220;off&#8220; width_unit=&#8220;off&#8220; custom_width_px=&#8220;1080px&#8220; custom_width_percent=&#8220;80%&#8220; column_structure=&#8220;1_4,1_4,1_4,1_4&#8243;][et_pb_column type=&#8220;1_4&#8243; _builder_version=&#8220;3.25&#8243; custom_padding=&#8220;|||&#8220; custom_padding__hover=&#8220;|||&#8220;][et_pb_blurb image=&#8220;https:\/\/johannesen-maskintransport.dk\/wp-content\/uploads\/2016\/12\/nyt-billede.jpg&#8220; image_max_width=&#8220;none&#8220; admin_label=&#8220;vogn 18&#8243; _builder_version=&#8220;3.0.87&#8243; background_size=&#8220;initial&#8220; background_position=&#8220;top_left&#8220; background_repeat=&#8220;repeat&#8220; animation=&#8220;off&#8220; use_border_color=&#8220;off&#8220; border_color=&#8220;#ffffff&#8220; border_width=&#8220;1px&#8220; border_style=&#8220;solid&#8220;]<\/p>\n<div><u style=\"font-size: 15px;\"><strong style=\"font-size: 15px;\">Wagen<\/strong><\/u><u><strong>&nbsp;18,&nbsp;Willy Pedersen<\/strong><\/u><\/div>\n<div align=\"center\"><\/div>\n<ul>\n<li>\n<div>66&nbsp;t\/m&nbsp;<span style=\"font-size: 15px; background-color: #ffffff;\">Kranwagen mit einer Reichweite von<\/span>&nbsp;25 m.&nbsp;<span style=\"font-size: 15px; background-color: #ffffff;\">(waagerecht) oder<\/span>&nbsp;28 m.&nbsp;<span style=\"font-size: 15px; background-color: #ffffff;\">(senkgerecht)<\/span><\/div>\n<\/li>\n<li>\n<div>\n<div>L&aelig;sseh&oslash;jde 1,00 m.<\/div>\n<\/div>\n<\/li>\n<li>\n<div><span style=\"font-size: 15px; background-color: #ffffff;\">Ladefl&auml;che:&nbsp;<\/span>7,00 \/ 8,70 m<\/div>\n<\/li>\n<li>\n<div><span style=\"font-size: 15px; background-color: #ffffff;\">Achsen:&nbsp;<\/span>4<\/div>\n<\/li>\n<li>\n<div><span style=\"font-size: 15px; background-color: #ffffff;\">Nutzlast:<\/span>&nbsp;8 t.<\/div>\n<\/li>\n<li>\n<div><span style=\"font-size: 15px;\">Anh&auml;ngerkupplung<\/span><\/div>\n<\/li>\n<\/ul>\n<p>[\/et_pb_blurb][\/et_pb_column][et_pb_column type=&#8220;1_4&#8243; _builder_version=&#8220;3.25&#8243; custom_padding=&#8220;|||&#8220; custom_padding__hover=&#8220;|||&#8220;][et_pb_blurb image=&#8220;https:\/\/johannesen-maskintransport.dk\/wp-content\/uploads\/2016\/12\/nyt-billede.jpg&#8220; image_max_width=&#8220;none&#8220; admin_label=&#8220;vogn 141&#8243; _builder_version=&#8220;3.0.87&#8243; background_size=&#8220;initial&#8220; background_position=&#8220;top_left&#8220; background_repeat=&#8220;repeat&#8220; animation=&#8220;off&#8220; use_border_color=&#8220;off&#8220; border_color=&#8220;#ffffff&#8220; border_width=&#8220;1px&#8220; border_style=&#8220;solid&#8220;]<\/p>\n<div><u style=\"font-size: 15px;\"><strong style=\"font-size: 15px;\">Wagen<\/strong><\/u><u><strong>&nbsp;141,&nbsp;Gunnar Haugsted<\/strong><\/u><\/div>\n<div align=\"center\"><\/div>\n<ul>\n<li>120 t\/m&nbsp;<span style=\"font-size: 15px; background-color: #ffffff;\">Kranwagen mit einer Reichweite von<\/span>&nbsp;9 m.&nbsp;<span style=\"font-size: 15px; background-color: #ffffff;\">(waagerecht) oder<\/span>&nbsp;12 m.&nbsp;<span style=\"font-size: 15px; background-color: #ffffff;\">(senkgerecht)<\/span>.<\/li>\n<li><span style=\"font-size: 15px; background-color: #ffffff;\">Achsen:&nbsp;<\/span>4.<\/li>\n<li style=\"font-size: 15px;\">Anh&auml;ngerkupplung<\/li>\n<li><span style=\"font-size: 15px; background-color: #ffffff;\">Nutzlast des Anh&auml;ngers:<\/span>&nbsp;10 t.<\/li>\n<\/ul>\n<p>[\/et_pb_blurb][\/et_pb_column][et_pb_column type=&#8220;1_4&#8243; _builder_version=&#8220;3.25&#8243; custom_padding=&#8220;|||&#8220; custom_padding__hover=&#8220;|||&#8220;][et_pb_blurb image=&#8220;https:\/\/johannesen-maskintransport.dk\/wp-content\/uploads\/2016\/12\/nyt-billede.jpg&#8220; image_max_width=&#8220;none&#8220; admin_label=&#8220;vogn 142&#8243; _builder_version=&#8220;3.0.87&#8243; background_size=&#8220;initial&#8220; background_position=&#8220;top_left&#8220; background_repeat=&#8220;repeat&#8220; animation=&#8220;off&#8220; use_border_color=&#8220;off&#8220; border_color=&#8220;#ffffff&#8220; border_width=&#8220;1px&#8220; border_style=&#8220;solid&#8220;]<\/p>\n<div><u style=\"font-size: 15px;\"><strong style=\"font-size: 15px;\">Wagen<\/strong><\/u><u><strong>&nbsp;142, Finn Nielsen&nbsp;<\/strong><\/u><\/div>\n<div align=\"center\"><\/div>\n<ul>\n<li>80 t\/m&nbsp;<span style=\"font-size: 15px; background-color: #ffffff;\">Kranwagen mit einer Reichweite von<\/span>&nbsp;28 m.&nbsp;<span style=\"font-size: 15px; background-color: #ffffff;\">(waagerecht) oder<\/span>&nbsp;31 m.&nbsp;<span style=\"font-size: 15px; background-color: #ffffff;\">(senkgerecht)<\/span>.<\/li>\n<li><span style=\"font-size: 15px; background-color: #ffffff;\">Ladeh&ouml;he:<\/span>&nbsp;1,00 m.<\/li>\n<li><span style=\"font-size: 15px; background-color: #ffffff;\">Ladefl&auml;che:&nbsp;<\/span>7,50 \/ 8,70 m.<\/li>\n<li><span style=\"font-size: 15px; background-color: #ffffff;\">Achsen:&nbsp;<\/span>4<\/li>\n<li><span style=\"font-size: 15px; background-color: #ffffff;\">Nutzlast:<\/span>&nbsp;7 t.<\/li>\n<li style=\"font-size: 15px;\">Anh&auml;ngerkupplung<\/li>\n<\/ul>\n<div><\/div>\n<p><\/p>\n<p>[\/et_pb_blurb][\/et_pb_column][et_pb_column type=&#8220;1_4&#8243; _builder_version=&#8220;3.25&#8243; custom_padding=&#8220;|||&#8220; custom_padding__hover=&#8220;|||&#8220;][et_pb_blurb image=&#8220;https:\/\/johannesen-maskintransport.dk\/wp-content\/uploads\/2016\/12\/nyt-billede.jpg&#8220; image_max_width=&#8220;none&#8220; admin_label=&#8220;vogn 149&#8243; _builder_version=&#8220;3.0.87&#8243; background_size=&#8220;initial&#8220; background_position=&#8220;top_left&#8220; background_repeat=&#8220;repeat&#8220; animation=&#8220;off&#8220; use_border_color=&#8220;off&#8220; border_color=&#8220;#ffffff&#8220; border_width=&#8220;1px&#8220; border_style=&#8220;solid&#8220;]<\/p>\n<div><u style=\"font-size: 15px;\"><strong style=\"font-size: 15px;\">Wagen<\/strong><\/u><u><strong>&nbsp;142,&nbsp;Ivan Polat<\/strong><\/u><\/div>\n<div align=\"center\"><\/div>\n<ul>\n<li>95 t\/m&nbsp;<span style=\"font-size: 15px; background-color: #ffffff;\">Kranwagen mit einer Reichweite von<\/span>&nbsp;37 m.&nbsp;<span style=\"font-size: 15px; background-color: #ffffff;\">(waagerecht) oder<\/span>&nbsp;41 m.&nbsp;<span style=\"font-size: 15px; background-color: #ffffff;\">(senkgerecht)<\/span>.<\/li>\n<li><span style=\"font-size: 15px; background-color: #ffffff;\">Ladeh&ouml;he:<\/span>&nbsp;0,60 m. &#8211; 1,50 m.<\/li>\n<li><span style=\"font-size: 15px; background-color: #ffffff;\">Ladefl&auml;che:&nbsp;<\/span>4 &#8211; 12 m. Lad.<\/li>\n<li><span style=\"font-size: 15px; background-color: #ffffff;\">Achsen:&nbsp;<\/span>4<\/li>\n<li style=\"font-size: 15px;\">Anh&auml;ngerkupplung \/ Trailer<\/li>\n<\/ul>\n<p>[\/et_pb_blurb][\/et_pb_column][\/et_pb_row][\/et_pb_section][et_pb_section fb_built=&#8220;1&#8243; custom_padding_last_edited=&#8220;on|desktop&#8220; admin_label=&#8220;Sektion&#8220; _builder_version=&#8220;3.22&#8243; background_color=&#8220;#f7f7f7&#8243; custom_padding_tablet=&#8220;50px|0|50px|0&#8243; transparent_background=&#8220;off&#8220; padding_mobile=&#8220;off&#8220; make_fullwidth=&#8220;off&#8220; use_custom_width=&#8220;off&#8220; width_unit=&#8220;off&#8220; custom_width_px=&#8220;1080px&#8220; custom_width_percent=&#8220;80%&#8220;][et_pb_row padding_mobile=&#8220;off&#8220; column_padding_mobile=&#8220;on&#8220; admin_label=&#8220;R\u00e6kke&#8220; _builder_version=&#8220;3.25&#8243; background_size=&#8220;initial&#8220; background_position=&#8220;top_left&#8220; background_repeat=&#8220;repeat&#8220; make_fullwidth=&#8220;off&#8220; use_custom_width=&#8220;off&#8220; width_unit=&#8220;off&#8220; custom_width_px=&#8220;1080px&#8220; custom_width_percent=&#8220;80%&#8220; column_structure=&#8220;1_4,1_4,1_4,1_4&#8243;][et_pb_column type=&#8220;1_4&#8243; _builder_version=&#8220;3.25&#8243; custom_padding=&#8220;|||&#8220; custom_padding__hover=&#8220;|||&#8220;][et_pb_blurb image=&#8220;https:\/\/johannesen-maskintransport.dk\/wp-content\/uploads\/2016\/03\/rigtigstorrelselastbil201.png&#8220; image_max_width=&#8220;none&#8220; admin_label=&#8220;Vogn 201&#8243; _builder_version=&#8220;3.0.87&#8243; header_font_size=&#8220;21&#8243; background_size=&#8220;initial&#8220; background_position=&#8220;top_left&#8220; background_repeat=&#8220;repeat&#8220; animation=&#8220;off&#8220; use_border_color=&#8220;off&#8220; border_color=&#8220;#ffffff&#8220; border_width=&#8220;1px&#8220; border_style=&#8220;solid&#8220;]<\/p>\n<div><u style=\"font-size: 15px;\"><strong style=\"font-size: 15px;\">Wagen<\/strong><\/u><u><strong>&nbsp;201, Kurt Larsen<\/strong><\/u><\/div>\n<div align=\"center\"><\/div>\n<ul>\n<li>\n<div>95&nbsp;t\/m&nbsp;<span style=\"font-size: 15px; background-color: #f7f7f7;\">Kranwagen mit einer Reichweite von 37 m (waagerecht) oder&nbsp;<\/span>40 m. (senkrecht).<\/div>\n<\/li>\n<li>\n<div>\n<div><span style=\"font-size: 15px; background-color: #ffffff;\"><span style=\"font-size: 15px; background-color: #f7f7f7;\">Ladeh&ouml;he:<\/span><\/span>&nbsp;0,60 m. &#8211; 1,20 m.<\/div>\n<\/div>\n<\/li>\n<li>\n<div><span style=\"font-size: 15px; background-color: #f7f7f7;\">Ladefl&auml;che:&nbsp;<\/span>6&nbsp;&#8211; 12 m.<\/div>\n<\/li>\n<li>\n<div><span style=\"font-size: 15px; background-color: #f7f7f7;\">Achsen:&nbsp;<\/span>4<\/div>\n<\/li>\n<li>\n<div><span style=\"font-size: 15px; background-color: #f7f7f7;\">Nutzlast:<\/span>&nbsp;20 t.<\/div>\n<\/li>\n<li style=\"font-size: 15px;\">\n<div style=\"font-size: 15px;\">Anh&auml;ngerkupplung&nbsp;\/ Trailer.<\/div>\n<\/li>\n<\/ul>\n<p>[\/et_pb_blurb][\/et_pb_column][et_pb_column type=&#8220;1_4&#8243; _builder_version=&#8220;3.25&#8243; custom_padding=&#8220;|||&#8220; custom_padding__hover=&#8220;|||&#8220;][et_pb_blurb image=&#8220;https:\/\/johannesen-maskintransport.dk\/wp-content\/uploads\/2016\/03\/rigtigstorrelselastbil203.png&#8220; image_max_width=&#8220;none&#8220; admin_label=&#8220;Vogn 203&#8243; _builder_version=&#8220;3.0.87&#8243; background_size=&#8220;initial&#8220; background_position=&#8220;top_left&#8220; background_repeat=&#8220;repeat&#8220; animation=&#8220;off&#8220; use_border_color=&#8220;off&#8220; border_color=&#8220;#ffffff&#8220; border_width=&#8220;1px&#8220; border_style=&#8220;solid&#8220;]<\/p>\n<div><u style=\"font-size: 15px;\"><strong style=\"font-size: 15px;\">Wagen<\/strong><\/u><u><strong>&nbsp;203, Jesper Schmidt<\/strong><\/u><\/div>\n<div align=\"center\"><\/div>\n<ul>\n<li>\n<div>55&nbsp;t\/m&nbsp;<span style=\"font-size: 15px; background-color: #f7f7f7;\">Kranwagen mit einer Reichweite von 25&nbsp;m (waagerecht) oder<\/span>28 m.&nbsp;<span style=\"font-size: 15px; background-color: #f7f7f7;\">(senkrecht)<\/span>.<\/div>\n<\/li>\n<li>\n<div>\n<div><span style=\"font-size: 15px; background-color: #ffffff;\"><span style=\"font-size: 15px; background-color: #f7f7f7;\">Ladeh&ouml;he:<\/span><\/span>&nbsp;1,00 m.<\/div>\n<\/div>\n<\/li>\n<li>\n<div><span style=\"font-size: 15px; background-color: #f7f7f7;\">Ladefl&auml;che:&nbsp;<\/span>6,50 m.<\/div>\n<\/li>\n<li>\n<div><span style=\"font-size: 15px; background-color: #f7f7f7;\">Achsen:&nbsp;<\/span>4 Aks.<\/div>\n<\/li>\n<li>\n<div>Last 8 ton.<\/div>\n<\/li>\n<li>\n<div><span style=\"font-size: 15px; background-color: #f7f7f7;\">Anh&auml;ngerkupplung&nbsp;<\/span><\/div>\n<\/li>\n<\/ul>\n<p>[\/et_pb_blurb][\/et_pb_column][et_pb_column type=&#8220;1_4&#8243; _builder_version=&#8220;3.25&#8243; custom_padding=&#8220;|||&#8220; custom_padding__hover=&#8220;|||&#8220;][et_pb_blurb image=&#8220;https:\/\/johannesen-maskintransport.dk\/wp-content\/uploads\/2016\/03\/rigtigstorrelselastbil204.png&#8220; image_max_width=&#8220;none&#8220; admin_label=&#8220;Vogn 204&#8243; _builder_version=&#8220;3.0.87&#8243; background_size=&#8220;initial&#8220; background_position=&#8220;top_left&#8220; background_repeat=&#8220;repeat&#8220; animation=&#8220;off&#8220; use_border_color=&#8220;off&#8220; border_color=&#8220;#ffffff&#8220; border_width=&#8220;1px&#8220; border_style=&#8220;solid&#8220;]<\/p>\n<div><u style=\"font-size: 15px;\"><strong style=\"font-size: 15px;\">Wagen<\/strong><\/u><u><strong>&nbsp;204, S&oslash;ren Pedersen<\/strong><\/u><\/div>\n<div align=\"center\"><\/div>\n<ul>\n<li>\n<div>36&nbsp;t\/m&nbsp;<span style=\"font-size: 15px; background-color: #f7f7f7;\">Kranwagen mit einer Reichweite von 16&nbsp;m (waagerecht) oder&nbsp;<\/span>19 m.&nbsp;<span style=\"font-size: 15px; background-color: #f7f7f7;\">(senkrecht)<\/span>.<\/div>\n<\/li>\n<li>\n<div>\n<div>Ladeh&ouml;he:&nbsp;0,60 m. &#8211; 1,50 m.<\/div>\n<\/div>\n<\/li>\n<li>\n<div><span style=\"font-size: 15px; background-color: #f7f7f7;\">Ladefl&auml;che:&nbsp;<\/span>4 &#8211; 12 m.&nbsp;<\/div>\n<\/li>\n<li>\n<div>Achsen:&nbsp;3 Aks.<\/div>\n<\/li>\n<li>\n<div><span style=\"font-size: 15px; background-color: #f7f7f7;\">Nutzlast:<\/span>&nbsp;20 t.<\/div>\n<\/li>\n<\/ul>\n<p>[\/et_pb_blurb][\/et_pb_column][et_pb_column type=&#8220;1_4&#8243; _builder_version=&#8220;3.25&#8243; custom_padding=&#8220;|||&#8220; custom_padding__hover=&#8220;|||&#8220;][et_pb_blurb image=&#8220;https:\/\/johannesen-maskintransport.dk\/wp-content\/uploads\/2016\/03\/vogn203.jpg&#8220; image_max_width=&#8220;none&#8220; admin_label=&#8220;Vogn 205&#8243; _builder_version=&#8220;3.0.87&#8243; background_size=&#8220;initial&#8220; background_position=&#8220;top_left&#8220; background_repeat=&#8220;repeat&#8220; animation=&#8220;off&#8220; use_border_color=&#8220;off&#8220; border_color=&#8220;#ffffff&#8220; border_width=&#8220;1px&#8220; border_style=&#8220;solid&#8220;]<\/p>\n<div><u style=\"font-size: 15px;\"><strong style=\"font-size: 15px;\">Wagen<\/strong><\/u><u><strong>&nbsp;205, Vagn Jessen<\/strong><\/u><\/div>\n<div align=\"center\"><\/div>\n<ul>\n<li>\n<div>100 t\/m&nbsp;<span style=\"font-size: 15px; background-color: #f7f7f7;\">Kranwagen mit einer Reichweite von 30&nbsp;m (waagerecht) oder&nbsp;<\/span>33 m.&nbsp;<span style=\"font-size: 15px; background-color: #f7f7f7;\">(senkrecht)<\/span>.<\/div>\n<\/li>\n<li>\n<div><span style=\"font-size: 15px; background-color: #ffffff;\"><span style=\"font-size: 15px; background-color: #f7f7f7;\">Ladeh&ouml;he:<\/span><\/span>&nbsp;0,60 m. &#8211; 1,50 m.<\/div>\n<\/li>\n<li>\n<div><span style=\"font-size: 15px; background-color: #f7f7f7;\">Ladefl&auml;che:&nbsp;<\/span>4 &#8211; 12 m.&nbsp;<\/div>\n<\/li>\n<li>\n<div><span style=\"font-size: 15px; background-color: #f7f7f7;\">Achsen:&nbsp;<\/span>4<\/div>\n<\/li>\n<li>\n<div><span style=\"font-size: 15px; background-color: #f7f7f7;\">Nutzlast:<\/span>&nbsp;20 t.<\/div>\n<\/li>\n<li>Anh&auml;ngerkupplung \/ Trailer<\/li>\n<\/ul>\n<p>[\/et_pb_blurb][\/et_pb_column][\/et_pb_row][\/et_pb_section][et_pb_section fb_built=&#8220;1&#8243; fullwidth=&#8220;on&#8220; custom_padding_last_edited=&#8220;on|desktop&#8220; admin_label=&#8220;Sektion&#8220; _builder_version=&#8220;3.22&#8243; custom_padding=&#8220;0px|0px|0px|0px&#8220; custom_padding_tablet=&#8220;50px|0|50px|0&#8243; transparent_background=&#8220;off&#8220; padding_mobile=&#8220;off&#8220; make_fullwidth=&#8220;off&#8220; use_custom_width=&#8220;off&#8220; width_unit=&#8220;off&#8220; custom_width_px=&#8220;1080px&#8220; custom_width_percent=&#8220;80%&#8220;][et_pb_fullwidth_header content_max_width=&#8220;none&#8220; admin_label=&#8220;Fuldbredde Overskrift&#8220; _builder_version=&#8220;3.16&#8243; title_font=&#8220;|||on|&#8220; title_font_size=&#8220;40px&#8220; content_font_size=&#8220;14px&#8220; background_color=&#8220;#ffffff&#8220; background_layout=&#8220;light&#8220; custom_css_main_element=&#8220;padding-bottom: 0;&#8220; button_one_letter_spacing_hover=&#8220;0&#8243; button_two_letter_spacing_hover=&#8220;0&#8243; button_one_text_size__hover_enabled=&#8220;off&#8220; button_two_text_size__hover_enabled=&#8220;off&#8220; button_one_text_color__hover_enabled=&#8220;off&#8220; button_two_text_color__hover_enabled=&#8220;off&#8220; button_one_border_width__hover_enabled=&#8220;off&#8220; button_two_border_width__hover_enabled=&#8220;off&#8220; button_one_border_color__hover_enabled=&#8220;off&#8220; button_two_border_color__hover_enabled=&#8220;off&#8220; button_one_border_radius__hover_enabled=&#8220;off&#8220; button_two_border_radius__hover_enabled=&#8220;off&#8220; button_one_letter_spacing__hover_enabled=&#8220;on&#8220; button_one_letter_spacing__hover=&#8220;0&#8243; button_two_letter_spacing__hover_enabled=&#8220;on&#8220; button_two_letter_spacing__hover=&#8220;0&#8243; button_one_bg_color__hover_enabled=&#8220;off&#8220; button_two_bg_color__hover_enabled=&#8220;off&#8220;]<\/p>\n<h2>FLY-JIB KRANWAGEN<\/h2>\n<p>[\/et_pb_fullwidth_header][\/et_pb_section][et_pb_section fb_built=&#8220;1&#8243; custom_padding_last_edited=&#8220;on|desktop&#8220; admin_label=&#8220;section&#8220; _builder_version=&#8220;3.22&#8243; custom_padding=&#8220;15px|0px|15px|0px&#8220; custom_padding_tablet=&#8220;50px|0|50px|0&#8243; transparent_background=&#8220;off&#8220; padding_mobile=&#8220;off&#8220; make_fullwidth=&#8220;off&#8220; use_custom_width=&#8220;off&#8220; width_unit=&#8220;on&#8220; custom_width_px=&#8220;1080px&#8220; custom_width_percent=&#8220;80%&#8220;][et_pb_row padding_mobile=&#8220;off&#8220; column_padding_mobile=&#8220;on&#8220; admin_label=&#8220;R\u00e6kke&#8220; _builder_version=&#8220;3.25&#8243; background_size=&#8220;initial&#8220; background_position=&#8220;top_left&#8220; background_repeat=&#8220;repeat&#8220; make_fullwidth=&#8220;off&#8220; use_custom_width=&#8220;off&#8220; width_unit=&#8220;off&#8220; custom_width_px=&#8220;1080px&#8220; custom_width_percent=&#8220;80%&#8220; column_structure=&#8220;1_4,1_4,1_4,1_4&#8243;][et_pb_column type=&#8220;1_4&#8243; _builder_version=&#8220;3.25&#8243; custom_padding=&#8220;|||&#8220; custom_padding__hover=&#8220;|||&#8220;][et_pb_blurb image=&#8220;https:\/\/johannesen-maskintransport.dk\/wp-content\/uploads\/2016\/03\/flyjib7.png&#8220; image_max_width=&#8220;none&#8220; admin_label=&#8220;Billede og tekst 1&#8243; _builder_version=&#8220;3.0.87&#8243; background_size=&#8220;initial&#8220; background_position=&#8220;top_left&#8220; background_repeat=&#8220;repeat&#8220; animation=&#8220;off&#8220; use_border_color=&#8220;off&#8220; border_color=&#8220;#ffffff&#8220; border_width=&#8220;1px&#8220; border_style=&#8220;solid&#8220;]<\/p>\n<div><u style=\"font-size: 15px;\"><strong style=\"font-size: 15px;\">Wagen<\/strong><\/u><u><strong>&nbsp;1, Frank Jensen<\/strong>.<\/u><\/div>\n<div><\/div>\n<ul>\n<li>\n<div>80 T\/M&nbsp;<span style=\"font-size: 15px; background-color: #ffffff;\">Kranwagen mit einer Reichweite von<\/span>&nbsp;28 m.<span style=\"font-size: 15px; background-color: #ffffff;\">(waagerecht) oder<\/span>&nbsp;31 m.&nbsp;<span style=\"font-size: 15px; background-color: #ffffff;\">(senkgerecht)<\/span>.<\/div>\n<\/li>\n<li>\n<div><span style=\"font-size: 15px; background-color: #ffffff;\">Ladeh&ouml;he:<\/span>&nbsp;0,60 m. &#8211; 1,50 m.<\/div>\n<\/li>\n<li>\n<div><span style=\"font-size: 15px; background-color: #ffffff;\">Ladefl&auml;che:&nbsp;<\/span>4 &#8211; 12 m. lad.<\/div>\n<\/li>\n<li>\n<div><span style=\"font-size: 15px; background-color: #ffffff;\">Nutzlast:<\/span>&nbsp;20 t.<\/div>\n<\/li>\n<li>\n<div>Anh&aelig;nger tr&aelig;k \/ Trailer<\/div>\n<\/li>\n<\/ul>\n<p>[\/et_pb_blurb][\/et_pb_column][et_pb_column type=&#8220;1_4&#8243; _builder_version=&#8220;3.25&#8243; custom_padding=&#8220;|||&#8220; custom_padding__hover=&#8220;|||&#8220;][et_pb_blurb image=&#8220;https:\/\/johannesen-maskintransport.dk\/wp-content\/uploads\/2016\/03\/fyjib1.png&#8220; image_max_width=&#8220;none&#8220; admin_label=&#8220;Billede og tekst 2&#8243; _builder_version=&#8220;3.0.87&#8243; background_size=&#8220;initial&#8220; background_position=&#8220;top_left&#8220; background_repeat=&#8220;repeat&#8220; animation=&#8220;off&#8220; use_border_color=&#8220;off&#8220; border_color=&#8220;#ffffff&#8220; border_width=&#8220;1px&#8220; border_style=&#8220;solid&#8220;]<\/p>\n<div><u style=\"font-size: 15px;\"><strong style=\"font-size: 15px;\">Wagen<\/strong><\/u><u><strong>&nbsp;8, Johnny Rasmussen<\/strong>.<\/u><\/div>\n<div><\/div>\n<ul>\n<li>\n<div>110 T\/M&nbsp;<span style=\"font-size: 15px; background-color: #ffffff;\">Kranwagen mit einer Reichweite von<\/span>&nbsp;31,5 m.&nbsp;<span style=\"font-size: 15px; background-color: #ffffff;\">(waagerecht) oder<\/span>&nbsp;34 m.&nbsp;<span style=\"font-size: 15px; background-color: #ffffff;\">(senkgerecht)<\/span>.<\/div>\n<\/li>\n<li>\n<div><span style=\"font-size: 15px; background-color: #ffffff;\">Ladeh&ouml;he:<\/span>&nbsp;1,10 m.<\/div>\n<\/li>\n<li>\n<div><span style=\"font-size: 15px; background-color: #ffffff;\">Ladefl&auml;che:&nbsp;<\/span>7,50 m.&nbsp;<\/div>\n<\/li>\n<li>\n<div><span style=\"font-size: 15px; background-color: #ffffff;\">Nutzlast:<\/span>&nbsp;5,5 t.<\/div>\n<\/li>\n<li>\n<div>Anh&aelig;nger tr&aelig;k.<\/div>\n<\/li>\n<li>\n<div>Wire spil.<\/div>\n<\/li>\n<\/ul>\n<p>[\/et_pb_blurb][\/et_pb_column][et_pb_column type=&#8220;1_4&#8243; _builder_version=&#8220;3.25&#8243; custom_padding=&#8220;|||&#8220; custom_padding__hover=&#8220;|||&#8220;][et_pb_blurb image=&#8220;https:\/\/johannesen-maskintransport.dk\/wp-content\/uploads\/2016\/03\/flyjib3.png&#8220; image_max_width=&#8220;none&#8220; admin_label=&#8220;Billede og tekst 3&#8243; _builder_version=&#8220;3.0.87&#8243; background_size=&#8220;initial&#8220; background_position=&#8220;top_left&#8220; background_repeat=&#8220;repeat&#8220; animation=&#8220;off&#8220; use_border_color=&#8220;off&#8220; border_color=&#8220;#ffffff&#8220; border_width=&#8220;1px&#8220; border_style=&#8220;solid&#8220;]<\/p>\n<div><u style=\"font-size: 15px;\"><strong style=\"font-size: 15px;\">Wagen<\/strong><\/u><u><strong>&nbsp;4, Michael Jensen<\/strong>.<\/u><\/div>\n<div><\/div>\n<ul>\n<li>\n<div>175 T\/M&nbsp;<span style=\"font-size: 15px; background-color: #ffffff;\">Kranwagen mit einer Reichweite von<\/span>&nbsp;45 m.&nbsp;<span style=\"font-size: 15px; background-color: #ffffff;\">(waagerecht) oder<\/span>&nbsp;49 m.&nbsp;<span style=\"font-size: 15px; background-color: #ffffff;\">(senkgerecht)<\/span>.<\/div>\n<\/li>\n<li>\n<div>Wire spil.<\/div>\n<\/li>\n<li>\n<div>Anh&aelig;nger tr&aelig;k.<\/div>\n<\/li>\n<li>\n<div><span style=\"font-size: 15px; background-color: #ffffff;\">Nutzlast des Anh&auml;ngers:<\/span>&nbsp;10 t.<\/div>\n<\/li>\n<li>\n<div><span style=\"color: #000000; font-family: Arial, Helvetica, Geneva, sans-serif; font-size: 13px;\">&nbsp;<\/span>Achsen: 4.<\/div>\n<\/li>\n<\/ul>\n<p>[\/et_pb_blurb][\/et_pb_column][et_pb_column type=&#8220;1_4&#8243; _builder_version=&#8220;3.25&#8243; custom_padding=&#8220;|||&#8220; custom_padding__hover=&#8220;|||&#8220;][et_pb_blurb image=&#8220;https:\/\/johannesen-maskintransport.dk\/wp-content\/uploads\/2016\/03\/flyjib2.png&#8220; image_max_width=&#8220;none&#8220; admin_label=&#8220;Billede og tekst 4&#8243; _builder_version=&#8220;3.0.87&#8243; background_size=&#8220;initial&#8220; background_position=&#8220;top_left&#8220; background_repeat=&#8220;repeat&#8220; animation=&#8220;off&#8220; use_border_color=&#8220;off&#8220; border_color=&#8220;#ffffff&#8220; border_width=&#8220;1px&#8220; border_style=&#8220;solid&#8220;]<\/p>\n<p class=\"rtecenter\"><u style=\"font-size: 15px;\"><strong style=\"font-size: 15px;\">Wagen<\/strong><\/u><u><strong>&nbsp;11, Peter Lassen<\/strong><\/u><\/p>\n<ul>\n<li>95 t\/m&nbsp;<span style=\"font-size: 15px; background-color: #ffffff;\">Kranwagen mit einer Reichweite von<\/span>&nbsp;31 m.&nbsp;<span style=\"font-size: 15px; background-color: #ffffff;\">(waagerecht) oder<\/span>&nbsp;35 m.&nbsp;<span style=\"font-size: 15px; background-color: #ffffff;\">(senkgerecht)<\/span>.<\/li>\n<li><span style=\"font-size: 15px; background-color: #ffffff;\">Ladeh&ouml;he:<\/span>&nbsp;1,00 m.<\/li>\n<li><span style=\"font-size: 15px; background-color: #ffffff;\">Ladefl&auml;che:&nbsp;<\/span>7,00 \/ 8,40 m.&nbsp;<\/li>\n<li><span style=\"font-size: 15px; background-color: #ffffff;\">Achsen:&nbsp;<\/span>4<\/li>\n<li><span style=\"font-size: 15px; background-color: #ffffff;\">Nutzlast:<\/span>&nbsp;8 t.<\/li>\n<li>Anh&aelig;ngertr&aelig;k.<\/li>\n<li>Hydrauliske b&aring;dst&oslash;tter.<\/li>\n<li>Wire Spil.<\/li>\n<\/ul>\n<p>[\/et_pb_blurb][\/et_pb_column][\/et_pb_row][\/et_pb_section][et_pb_section fb_built=&#8220;1&#8243; custom_padding_last_edited=&#8220;on|desktop&#8220; admin_label=&#8220;Sektion&#8220; _builder_version=&#8220;3.22&#8243; background_color=&#8220;#f7f7f7&#8243; custom_padding_tablet=&#8220;50px|0|50px|0&#8243; transparent_background=&#8220;off&#8220; padding_mobile=&#8220;off&#8220; make_fullwidth=&#8220;off&#8220; use_custom_width=&#8220;off&#8220; width_unit=&#8220;on&#8220; custom_width_px=&#8220;1080px&#8220; custom_width_percent=&#8220;80%&#8220;][et_pb_row padding_mobile=&#8220;off&#8220; column_padding_mobile=&#8220;on&#8220; admin_label=&#8220;R\u00e6kke&#8220; _builder_version=&#8220;3.25&#8243; background_size=&#8220;initial&#8220; background_position=&#8220;top_left&#8220; background_repeat=&#8220;repeat&#8220; make_fullwidth=&#8220;off&#8220; use_custom_width=&#8220;off&#8220; width_unit=&#8220;off&#8220; custom_width_px=&#8220;1080px&#8220; custom_width_percent=&#8220;80%&#8220; column_structure=&#8220;1_4,1_4,1_4,1_4&#8243;][et_pb_column type=&#8220;1_4&#8243; _builder_version=&#8220;3.25&#8243; custom_padding=&#8220;|||&#8220; custom_padding__hover=&#8220;|||&#8220;][et_pb_blurb image=&#8220;https:\/\/johannesen-maskintransport.dk\/wp-content\/uploads\/2016\/12\/nyt-billede.jpg&#8220; image_max_width=&#8220;none&#8220; admin_label=&#8220;NYT BILLEDE P\u00c5 VEJ&#8220; _builder_version=&#8220;3.0.87&#8243; background_size=&#8220;initial&#8220; background_position=&#8220;top_left&#8220; background_repeat=&#8220;repeat&#8220; animation=&#8220;off&#8220; use_border_color=&#8220;off&#8220; border_color=&#8220;#ffffff&#8220; border_width=&#8220;1px&#8220; border_style=&#8220;solid&#8220;]<\/p>\n<div><u><strong><br \/><\/strong><\/u><u style=\"font-size: 15px;\"><strong style=\"font-size: 15px;\">Wagen<\/strong><\/u><u><strong>&nbsp;14, Finn Nielsen<\/strong>.<\/u><\/div>\n<div><\/div>\n<ul>\n<li>\n<div>66 T\/M&nbsp;<span style=\"font-size: 15px; background-color: #f7f7f7;\">Kranwagen mit einer Reichweite von 25&nbsp;m (waagerecht) oder<\/span>&nbsp;29 m.&nbsp;<span style=\"font-size: 15px; background-color: #f7f7f7;\">(senkrecht)<\/span>.<\/div>\n<\/li>\n<li>\n<div><span style=\"font-size: 15px; background-color: #ffffff;\"><span style=\"font-size: 15px; background-color: #f7f7f7;\">Ladeh&ouml;he:<\/span><\/span>&nbsp;1,00 m.<\/div>\n<\/li>\n<li>\n<div><span style=\"font-size: 15px; background-color: #f7f7f7;\">Ladefl&auml;che:&nbsp;<\/span>8,00 m.<\/div>\n<\/li>\n<li>\n<div><span style=\"font-size: 15px; background-color: #f7f7f7;\">Nutzlast:<\/span>&nbsp;10 t.<\/div>\n<\/li>\n<li>\n<div><span style=\"font-size: 15px; background-color: #f7f7f7;\">Anh&auml;ngerkupplung&nbsp;<\/span><\/div>\n<\/li>\n<li>\n<div>Hydraulische Bootst&uuml;tzen.<\/div>\n<\/li>\n<\/ul>\n<p>[\/et_pb_blurb][\/et_pb_column][et_pb_column type=&#8220;1_4&#8243; _builder_version=&#8220;3.25&#8243; custom_padding=&#8220;|||&#8220; custom_padding__hover=&#8220;|||&#8220;][et_pb_blurb image=&#8220;https:\/\/johannesen-maskintransport.dk\/wp-content\/uploads\/2016\/03\/flyjib4.png&#8220; image_max_width=&#8220;none&#8220; admin_label=&#8220;Billede og tekst 6&#8243; _builder_version=&#8220;3.0.87&#8243; background_size=&#8220;initial&#8220; background_position=&#8220;top_left&#8220; background_repeat=&#8220;repeat&#8220; animation=&#8220;off&#8220; use_border_color=&#8220;off&#8220; border_color=&#8220;#ffffff&#8220; border_width=&#8220;1px&#8220; border_style=&#8220;solid&#8220;]<\/p>\n<div><u style=\"font-size: 15px;\"><strong style=\"font-size: 15px;\">Wagen<\/strong><\/u><u><strong>&nbsp;15, Per Mortensen<\/strong>.<\/u><\/div>\n<div><\/div>\n<ul>\n<li>\n<div>100 T\/M&nbsp;<span style=\"font-size: 15px; background-color: #f7f7f7;\">Kranwagen mit einer Reichweite von 28&nbsp;m (waagerecht) oder<\/span>&nbsp;31 m.&nbsp;<span style=\"font-size: 15px; background-color: #f7f7f7;\">(senkrecht)<\/span>.<\/div>\n<\/li>\n<li>\n<div><span style=\"font-size: 15px; background-color: #ffffff;\"><span style=\"font-size: 15px; background-color: #f7f7f7;\">Ladeh&ouml;he:<\/span><\/span>&nbsp;1,10 m.<\/div>\n<\/li>\n<li>\n<div><span style=\"font-size: 15px; background-color: #f7f7f7;\">Ladefl&auml;che:&nbsp;<\/span>7,50 m.&nbsp;<\/div>\n<\/li>\n<li>\n<div><span style=\"font-size: 15px; background-color: #f7f7f7;\">Nutzlast:<\/span>&nbsp;6 t.<\/div>\n<\/li>\n<li>\n<div><span style=\"font-size: 15px; background-color: #f7f7f7;\">Anh&auml;ngerkupplung<\/span>.<\/div>\n<\/li>\n<\/ul>\n<p>[\/et_pb_blurb][\/et_pb_column][et_pb_column type=&#8220;1_4&#8243; _builder_version=&#8220;3.25&#8243; custom_padding=&#8220;|||&#8220; custom_padding__hover=&#8220;|||&#8220;][et_pb_blurb image=&#8220;https:\/\/johannesen-maskintransport.dk\/wp-content\/uploads\/2016\/03\/flyjib5.png&#8220; image_max_width=&#8220;none&#8220; admin_label=&#8220;Billede og tekst 7&#8243; _builder_version=&#8220;3.0.87&#8243; background_size=&#8220;initial&#8220; background_position=&#8220;top_left&#8220; background_repeat=&#8220;repeat&#8220; animation=&#8220;off&#8220; use_border_color=&#8220;off&#8220; border_color=&#8220;#ffffff&#8220; border_width=&#8220;1px&#8220; border_style=&#8220;solid&#8220;]<\/p>\n<div><u style=\"font-size: 15px;\"><strong style=\"font-size: 15px;\">Wagen<\/strong><\/u><u><strong>&nbsp;149, Ivan Polat<\/strong>.<\/u><\/div>\n<div><\/div>\n<ul>\n<li>\n<div>66 T\/M&nbsp;<span style=\"font-size: 15px; background-color: #f7f7f7;\">Kranwagen mit einer Reichweite von 25&nbsp;m (waagerecht) oder<\/span>&nbsp;28 m. (senkrecht).<\/div>\n<\/li>\n<li>\n<div><span style=\"font-size: 15px; background-color: #ffffff;\"><span style=\"font-size: 15px; background-color: #f7f7f7;\">Ladeh&ouml;he:<\/span><\/span>&nbsp;0,60 m. &#8211; 1,50 m.<\/div>\n<\/li>\n<li>\n<div><span style=\"font-size: 15px; background-color: #f7f7f7;\">Ladefl&auml;che:&nbsp;<\/span>4 &#8211; 12 m.<\/div>\n<\/li>\n<li>\n<div><span style=\"font-size: 15px; background-color: #f7f7f7;\">Nutzlast:<\/span>&nbsp;20 t.<\/div>\n<\/li>\n<li>\n<div><span style=\"font-size: 15px; background-color: #f7f7f7;\">Anh&auml;ngerkupplung \/ Trailer<\/span><\/div>\n<\/li>\n<\/ul>\n<p>[\/et_pb_blurb][\/et_pb_column][et_pb_column type=&#8220;1_4&#8243; _builder_version=&#8220;3.25&#8243; custom_padding=&#8220;|||&#8220; custom_padding__hover=&#8220;|||&#8220;][et_pb_blurb image=&#8220;https:\/\/johannesen-maskintransport.dk\/wp-content\/uploads\/2016\/03\/flyjib9.png&#8220; image_max_width=&#8220;none&#8220; admin_label=&#8220; Billede og tekst 8&#8243; _builder_version=&#8220;3.0.87&#8243; background_size=&#8220;initial&#8220; background_position=&#8220;top_left&#8220; background_repeat=&#8220;repeat&#8220; animation=&#8220;off&#8220; use_border_color=&#8220;off&#8220; border_color=&#8220;#ffffff&#8220; border_width=&#8220;1px&#8220; border_style=&#8220;solid&#8220;]<\/p>\n<div><u style=\"font-size: 15px;\"><strong style=\"font-size: 15px;\">Wagen<\/strong><\/u><u><strong>&nbsp;201, Kurt Larsen.<\/strong><\/u><\/div>\n<div><\/div>\n<ul>\n<li>\n<div>95&nbsp;T\/M&nbsp;<span style=\"font-size: 15px; background-color: #f7f7f7;\">Kranwagen mit einer Reichweite von 35 m (waagerecht) oder<\/span>&nbsp;39 m.&nbsp;<span style=\"font-size: 15px; background-color: #f7f7f7;\">(senkrecht)<\/span>.<\/div>\n<\/li>\n<li>\n<div><span style=\"font-size: 15px; background-color: #ffffff;\"><span style=\"font-size: 15px; background-color: #f7f7f7;\">Ladeh&ouml;he:<\/span><\/span>&nbsp;0,60 m. &#8211; 1,50 m.<\/div>\n<\/li>\n<li>\n<div><span style=\"font-size: 15px; background-color: #f7f7f7;\">Ladefl&auml;che: <\/span>4 &#8211; 12 m. lad.<\/div>\n<\/li>\n<li>\n<div><span style=\"font-size: 15px; background-color: #f7f7f7;\">Nutzlast:<\/span>&nbsp;20 t.<\/div>\n<\/li>\n<li>\n<div><span style=\"font-size: 15px; background-color: #f7f7f7;\">Anh&auml;ngerkupplung&nbsp;<\/span>&nbsp;\/ Trailer<\/div>\n<\/li>\n<\/ul>\n<p>[\/et_pb_blurb][\/et_pb_column][\/et_pb_row][\/et_pb_section][et_pb_section fb_built=&#8220;1&#8243; custom_padding_last_edited=&#8220;on|desktop&#8220; admin_label=&#8220;Sektion&#8220; _builder_version=&#8220;3.22&#8243; background_color=&#8220;#ffffff&#8220; custom_padding_tablet=&#8220;50px|0|50px|0&#8243; transparent_background=&#8220;off&#8220; padding_mobile=&#8220;off&#8220; make_fullwidth=&#8220;off&#8220; use_custom_width=&#8220;off&#8220; width_unit=&#8220;on&#8220; custom_width_px=&#8220;1080px&#8220; custom_width_percent=&#8220;80%&#8220;][et_pb_row padding_mobile=&#8220;off&#8220; column_padding_mobile=&#8220;on&#8220; admin_label=&#8220;R\u00e6kke&#8220; _builder_version=&#8220;3.25&#8243; background_size=&#8220;initial&#8220; background_position=&#8220;top_left&#8220; background_repeat=&#8220;repeat&#8220; make_fullwidth=&#8220;off&#8220; use_custom_width=&#8220;off&#8220; width_unit=&#8220;off&#8220; custom_width_px=&#8220;1080px&#8220; custom_width_percent=&#8220;80%&#8220; column_structure=&#8220;1_4,1_4,1_4,1_4&#8243;][et_pb_column type=&#8220;1_4&#8243; _builder_version=&#8220;3.25&#8243; custom_padding=&#8220;|||&#8220; custom_padding__hover=&#8220;|||&#8220;][et_pb_blurb image=&#8220;https:\/\/johannesen-maskintransport.dk\/wp-content\/uploads\/2016\/12\/nyt-billede.jpg&#8220; image_max_width=&#8220;none&#8220; admin_label=&#8220;NYT BILLEDE P\u00c5 VEJ&#8220; _builder_version=&#8220;3.0.87&#8243; background_size=&#8220;initial&#8220; background_position=&#8220;top_left&#8220; background_repeat=&#8220;repeat&#8220; animation=&#8220;off&#8220; use_border_color=&#8220;off&#8220; border_color=&#8220;#ffffff&#8220; border_width=&#8220;1px&#8220; border_style=&#8220;solid&#8220;]<\/p>\n<div><\/div>\n<div><u style=\"font-size: 15px;\"><strong style=\"font-size: 15px;\">Wagen<\/strong><\/u><u><strong>&nbsp;201, Kurt Larsen.<\/strong><\/u><\/div>\n<div><\/div>\n<ul>\n<li>\n<div>95&nbsp;T\/M&nbsp;<span style=\"font-size: 15px; background-color: #ffffff;\">Kranwagen mit einer Reichweite von 3<\/span>5 m.&nbsp;<span style=\"font-size: 15px; background-color: #ffffff;\">(waagerecht) oder<\/span>&nbsp;39 m.&nbsp;<span style=\"font-size: 15px; background-color: #ffffff;\">(senkgerecht)<\/span>.<\/div>\n<\/li>\n<li>\n<div><span style=\"font-size: 15px; background-color: #ffffff;\">Ladeh&ouml;he:<\/span>&nbsp;0,60 m. &#8211; 1,50 m.<\/div>\n<\/li>\n<li>\n<div><span style=\"font-size: 15px; background-color: #ffffff;\">Ladefl&auml;che:&nbsp;<\/span>4 &#8211; 12 m.<\/div>\n<\/li>\n<li>\n<div><span style=\"font-size: 15px; background-color: #ffffff;\">Nutzlast:<\/span>&nbsp;20 ton.<\/div>\n<\/li>\n<li>\n<div>Anh&auml;ngerkupplung \/ Trailer<\/div>\n<\/li>\n<\/ul>\n<p>[\/et_pb_blurb][\/et_pb_column][et_pb_column type=&#8220;1_4&#8243; _builder_version=&#8220;3.25&#8243; custom_padding=&#8220;|||&#8220; custom_padding__hover=&#8220;|||&#8220;][et_pb_blurb image=&#8220;https:\/\/johannesen-maskintransport.dk\/wp-content\/uploads\/2016\/03\/flyjib8.png&#8220; image_max_width=&#8220;none&#8220; admin_label=&#8220;Billede og tekst 10&#8243; _builder_version=&#8220;3.0.87&#8243; background_size=&#8220;initial&#8220; background_position=&#8220;top_left&#8220; background_repeat=&#8220;repeat&#8220; animation=&#8220;off&#8220; use_border_color=&#8220;off&#8220; border_color=&#8220;#ffffff&#8220; border_width=&#8220;1px&#8220; border_style=&#8220;solid&#8220;]<\/p>\n<div><u style=\"font-size: 15px;\"><strong style=\"font-size: 15px;\">Wagen<\/strong><\/u><u><strong>&nbsp;16, Ronnie Kristensen<\/strong>.<\/u><\/div>\n<div><\/div>\n<ul>\n<li>\n<div>110 T\/M&nbsp;<span style=\"font-size: 15px; background-color: #ffffff;\">Kranwagen mit einer Reichweite von<\/span>&nbsp;30 m&nbsp;<span style=\"font-size: 15px; background-color: #ffffff;\">(waagerecht) oder<\/span>&nbsp;34 m.&nbsp;<span style=\"font-size: 15px; background-color: #ffffff;\">(senkgerecht)<\/span>.<\/div>\n<div><\/div>\n<\/li>\n<li>\n<div><span style=\"font-size: 15px; background-color: #ffffff;\">Ladeh&ouml;he:<\/span>&nbsp;1,00 m.<\/div>\n<\/li>\n<li>\n<div><span style=\"font-size: 15px; background-color: #ffffff;\">Ladefl&auml;che:<\/span>7,50 m.<\/div>\n<\/li>\n<li>\n<div>Achsen: 4 Aks.<\/div>\n<\/li>\n<li>\n<div><span style=\"font-size: 15px; background-color: #ffffff;\">Nutzlast:<\/span>&nbsp;5,5 t.<\/div>\n<\/li>\n<li>\n<div><span style=\"font-size: 15px; background-color: #ffffff;\">Anh&auml;ngerkupplung<\/span><\/div>\n<\/li>\n<\/ul>\n<p>[\/et_pb_blurb][\/et_pb_column][et_pb_column type=&#8220;1_4&#8243; _builder_version=&#8220;3.25&#8243; custom_padding=&#8220;|||&#8220; custom_padding__hover=&#8220;|||&#8220;][et_pb_blurb image=&#8220;https:\/\/johannesen-maskintransport.dk\/wp-content\/uploads\/2016\/03\/flyjib6.png&#8220; image_max_width=&#8220;none&#8220; admin_label=&#8220;Billede og tekst 11&#8243; _builder_version=&#8220;3.0.87&#8243; background_size=&#8220;initial&#8220; background_position=&#8220;top_left&#8220; background_repeat=&#8220;repeat&#8220; animation=&#8220;off&#8220; use_border_color=&#8220;off&#8220; border_color=&#8220;#ffffff&#8220; border_width=&#8220;1px&#8220; border_style=&#8220;solid&#8220;]<\/p>\n<div><u style=\"font-size: 15px;\"><strong style=\"font-size: 15px;\">Wagen<\/strong><\/u><u><strong>&nbsp;18, Allan Hansen.<\/strong><\/u><\/div>\n<ul>\n<li>\n<div>66 T\/M&nbsp;<span style=\"font-size: 15px; background-color: #ffffff;\">Kranwagen mit einer Reichweite von<\/span>&nbsp;25 m.&nbsp;<span style=\"font-size: 15px; background-color: #ffffff;\">(waagerecht) oder&nbsp;<\/span>28 m.&nbsp;<span style=\"font-size: 15px; background-color: #ffffff;\">(senkgerecht)<\/span>.<\/div>\n<\/li>\n<li>\n<div><span style=\"font-size: 15px; background-color: #ffffff;\">Ladeh&ouml;he:<\/span>&nbsp;1,00 m.<\/div>\n<\/li>\n<li>\n<div><span style=\"font-size: 15px; background-color: #ffffff;\">Ladefl&auml;che: 7<\/span>,50 m.&nbsp;<\/div>\n<\/li>\n<li>\n<div><span style=\"font-size: 15px; background-color: #ffffff;\">Nutzlast<\/span>&nbsp;8 t.<\/div>\n<\/li>\n<li>\n<div><span style=\"font-size: 15px; background-color: #ffffff;\">Anh&auml;ngerkupplung<\/span><\/div>\n<\/li>\n<li><\/li>\n<\/ul>\n<p>[\/et_pb_blurb][\/et_pb_column][et_pb_column type=&#8220;1_4&#8243; _builder_version=&#8220;3.25&#8243; custom_padding=&#8220;|||&#8220; custom_padding__hover=&#8220;|||&#8220;][et_pb_blurb image=&#8220;https:\/\/johannesen-maskintransport.dk\/wp-content\/uploads\/2016\/03\/flyjib10.png&#8220; image_max_width=&#8220;none&#8220; admin_label=&#8220;Billede og tekst 12&#8243; _builder_version=&#8220;3.0.87&#8243; background_size=&#8220;initial&#8220; background_position=&#8220;top_left&#8220; background_repeat=&#8220;repeat&#8220; animation=&#8220;off&#8220; use_border_color=&#8220;off&#8220; border_color=&#8220;#ffffff&#8220; border_width=&#8220;1px&#8220; border_style=&#8220;solid&#8220;]<\/p>\n<div><u style=\"font-size: 15px;\"><strong style=\"font-size: 15px;\">Wagen<\/strong><\/u><u><strong>&nbsp;203, Jesper Schmidt<\/strong>.<\/u><\/div>\n<div><\/div>\n<ul>\n<li>\n<div>55 T\/M&nbsp;<span style=\"font-size: 15px; background-color: #ffffff;\">Kranwagen mit einer Reichweite von<\/span>&nbsp;17 m.&nbsp;<span style=\"font-size: 15px; background-color: #ffffff;\">(waagerecht) oder<\/span>&nbsp;20 m.&nbsp;<span style=\"font-size: 15px; background-color: #ffffff;\">(senkgerecht)<\/span>.<\/div>\n<\/li>\n<li>\n<div><span style=\"font-size: 15px; background-color: #ffffff;\">Ladeh&ouml;he:<\/span>&nbsp;1,20 m.<\/div>\n<\/li>\n<li>\n<div><span style=\"font-size: 15px; background-color: #ffffff;\">Ladefl&auml;che:&nbsp;<\/span>6,50 m.<\/div>\n<\/li>\n<li>\n<div><span style=\"font-size: 15px; background-color: #ffffff;\">Nutzlast:<\/span>&nbsp;13 t.<\/div>\n<\/li>\n<li>\n<div><span style=\"font-size: 15px; background-color: #ffffff;\">Anh&auml;ngerkupplung<\/span><\/div>\n<\/li>\n<li><\/li>\n<\/ul>\n<p>[\/et_pb_blurb][\/et_pb_column][\/et_pb_row][\/et_pb_section][et_pb_section fb_built=&#8220;1&#8243; custom_padding_last_edited=&#8220;on|desktop&#8220; admin_label=&#8220;Sektion&#8220; _builder_version=&#8220;3.22&#8243; background_color=&#8220;#f7f7f7&#8243; custom_padding_tablet=&#8220;50px|0|50px|0&#8243; transparent_background=&#8220;off&#8220; padding_mobile=&#8220;off&#8220; make_fullwidth=&#8220;off&#8220; use_custom_width=&#8220;off&#8220; width_unit=&#8220;on&#8220; custom_width_px=&#8220;1080px&#8220; custom_width_percent=&#8220;80%&#8220;][et_pb_row padding_mobile=&#8220;off&#8220; column_padding_mobile=&#8220;on&#8220; admin_label=&#8220;R\u00e6kke&#8220; _builder_version=&#8220;3.25&#8243; background_size=&#8220;initial&#8220; background_position=&#8220;top_left&#8220; background_repeat=&#8220;repeat&#8220; make_fullwidth=&#8220;off&#8220; use_custom_width=&#8220;off&#8220; width_unit=&#8220;off&#8220; custom_width_px=&#8220;1080px&#8220; custom_width_percent=&#8220;80%&#8220; column_structure=&#8220;1_4,1_4,1_4,1_4&#8243;][et_pb_column type=&#8220;1_4&#8243; _builder_version=&#8220;3.25&#8243; custom_padding=&#8220;|||&#8220; custom_padding__hover=&#8220;|||&#8220;][et_pb_blurb image=&#8220;https:\/\/johannesen-maskintransport.dk\/wp-content\/uploads\/2016\/03\/flyjib11.png&#8220; image_max_width=&#8220;none&#8220; admin_label=&#8220;Billede og tekst 13&#8243; _builder_version=&#8220;3.0.87&#8243; background_size=&#8220;initial&#8220; background_position=&#8220;top_left&#8220; background_repeat=&#8220;repeat&#8220; animation=&#8220;off&#8220; use_border_color=&#8220;off&#8220; border_color=&#8220;#ffffff&#8220; border_width=&#8220;1px&#8220; border_style=&#8220;solid&#8220;]<\/p>\n<div><u><strong>Vogn 205, Vagn Jessen.<\/strong><\/u><\/div>\n<div><\/div>\n<ul>\n<li>\n<div>100 t\/m&nbsp;<span style=\"font-size: 15px; background-color: #f7f7f7;\">Kranwagen mit einer Reichweite von 30 m (waagerecht) oder<\/span>&nbsp;33 m. (senkrecht).<\/div>\n<\/li>\n<li>\n<div><span style=\"font-size: 15px; background-color: #ffffff;\"><span style=\"font-size: 15px; background-color: #f7f7f7;\">Ladeh&ouml;he:<\/span><\/span>&nbsp;0,60 m. &#8211; 1,50 m.<\/div>\n<\/li>\n<li>\n<div>4 &#8211; 12 m. lad.<\/div>\n<\/li>\n<li>\n<div>Last 20 ton.<\/div>\n<\/li>\n<li>\n<div>Anh&auml;ngerkupplung<\/div>\n<\/li>\n<li><\/li>\n<\/ul>\n<p>[\/et_pb_blurb][\/et_pb_column][et_pb_column type=&#8220;1_4&#8243; _builder_version=&#8220;3.25&#8243; custom_padding=&#8220;|||&#8220; custom_padding__hover=&#8220;|||&#8220;][\/et_pb_column][et_pb_column type=&#8220;1_4&#8243; _builder_version=&#8220;3.25&#8243; custom_padding=&#8220;|||&#8220; custom_padding__hover=&#8220;|||&#8220;][\/et_pb_column][et_pb_column type=&#8220;1_4&#8243; _builder_version=&#8220;3.25&#8243; custom_padding=&#8220;|||&#8220; custom_padding__hover=&#8220;|||&#8220;][\/et_pb_column][\/et_pb_row][\/et_pb_section][et_pb_section fb_built=&#8220;1&#8243; fullwidth=&#8220;on&#8220; custom_padding_last_edited=&#8220;on|desktop&#8220; admin_label=&#8220;Sektion&#8220; _builder_version=&#8220;3.22&#8243; custom_padding_tablet=&#8220;50px|0|50px|0&#8243; transparent_background=&#8220;off&#8220; padding_mobile=&#8220;off&#8220; make_fullwidth=&#8220;off&#8220; use_custom_width=&#8220;off&#8220; width_unit=&#8220;off&#8220; custom_width_px=&#8220;1080px&#8220; custom_width_percent=&#8220;80%&#8220;][et_pb_fullwidth_header content_max_width=&#8220;none&#8220; admin_label=&#8220;Fuldbredde Overskrift&#8220; _builder_version=&#8220;3.16&#8243; title_font=&#8220;|||on|&#8220; title_font_size=&#8220;40px&#8220; content_font_size=&#8220;14px&#8220; background_color=&#8220;#ffffff&#8220; background_layout=&#8220;light&#8220; custom_css_main_element=&#8220;padding-bottom: 0;&#8220; button_one_letter_spacing_hover=&#8220;0&#8243; button_two_letter_spacing_hover=&#8220;0&#8243; button_one_text_size__hover_enabled=&#8220;off&#8220; button_two_text_size__hover_enabled=&#8220;off&#8220; button_one_text_color__hover_enabled=&#8220;off&#8220; button_two_text_color__hover_enabled=&#8220;off&#8220; button_one_border_width__hover_enabled=&#8220;off&#8220; button_two_border_width__hover_enabled=&#8220;off&#8220; button_one_border_color__hover_enabled=&#8220;off&#8220; button_two_border_color__hover_enabled=&#8220;off&#8220; button_one_border_radius__hover_enabled=&#8220;off&#8220; button_two_border_radius__hover_enabled=&#8220;off&#8220; button_one_letter_spacing__hover_enabled=&#8220;on&#8220; button_one_letter_spacing__hover=&#8220;0&#8243; button_two_letter_spacing__hover_enabled=&#8220;on&#8220; button_two_letter_spacing__hover=&#8220;0&#8243; button_one_bg_color__hover_enabled=&#8220;off&#8220; button_two_bg_color__hover_enabled=&#8220;off&#8220;]<\/p>\n<h2>KRANEWAGEN UND LKWS<\/h2>\n<p>[\/et_pb_fullwidth_header][\/et_pb_section][et_pb_section fb_built=&#8220;1&#8243; custom_padding_last_edited=&#8220;on|desktop&#8220; admin_label=&#8220;Sektion&#8220; _builder_version=&#8220;3.22&#8243; custom_padding_tablet=&#8220;50px|0|50px|0&#8243; transparent_background=&#8220;off&#8220; padding_mobile=&#8220;off&#8220; make_fullwidth=&#8220;off&#8220; use_custom_width=&#8220;off&#8220; width_unit=&#8220;off&#8220; custom_width_px=&#8220;1080px&#8220; custom_width_percent=&#8220;80%&#8220;][et_pb_row padding_mobile=&#8220;off&#8220; column_padding_mobile=&#8220;on&#8220; admin_label=&#8220;R\u00e6kke&#8220; _builder_version=&#8220;3.25&#8243; background_size=&#8220;initial&#8220; background_position=&#8220;top_left&#8220; background_repeat=&#8220;repeat&#8220; make_fullwidth=&#8220;off&#8220; use_custom_width=&#8220;off&#8220; width_unit=&#8220;off&#8220; custom_width_px=&#8220;1080px&#8220; custom_width_percent=&#8220;80%&#8220; column_structure=&#8220;1_4,1_4,1_4,1_4&#8243;][et_pb_column type=&#8220;1_4&#8243; _builder_version=&#8220;3.25&#8243; custom_padding=&#8220;|||&#8220; custom_padding__hover=&#8220;|||&#8220;][et_pb_blurb image=&#8220;https:\/\/johannesen-maskintransport.dk\/wp-content\/uploads\/2016\/03\/langvogn1.png&#8220; image_max_width=&#8220;none&#8220; admin_label=&#8220;Billede og tekst 1&#8243; _builder_version=&#8220;3.0.87&#8243; background_size=&#8220;initial&#8220; background_position=&#8220;top_left&#8220; background_repeat=&#8220;repeat&#8220; animation=&#8220;off&#8220; use_border_color=&#8220;off&#8220; border_color=&#8220;#ffffff&#8220; border_width=&#8220;1px&#8220; border_style=&#8220;solid&#8220;]<\/p>\n<div><u style=\"font-size: 15px;\"><strong style=\"font-size: 15px;\">Wagen<\/strong><\/u><u><strong>&nbsp;1, Frank Jensen<\/strong>.<\/u><\/div>\n<div align=\"center\"><\/div>\n<ul>\n<li>80 T\/M&nbsp;<span style=\"font-size: 15px; background-color: #ffffff;\">Kranwagen mit einer Reichweite von<\/span>&nbsp;28 m.&nbsp;<span style=\"font-size: 15px; background-color: #ffffff;\">(waagerecht) oder<\/span>&nbsp;31 m.&nbsp;<span style=\"font-size: 15px; background-color: #ffffff;\">(senkgerecht)<\/span>.<\/li>\n<li><span style=\"font-size: 15px; background-color: #ffffff;\">Ladeh&ouml;he:<\/span>&nbsp;0,60 m. &#8211; 1,50 m.<\/li>\n<li><span style=\"font-size: 15px; background-color: #ffffff;\">Ladefl&auml;che:&nbsp;<\/span>4 &#8211; 12 m.<\/li>\n<li><span style=\"font-size: 15px; background-color: #ffffff;\">Nutzlast:<\/span>&nbsp;20 t.<\/li>\n<li><span style=\"font-size: 15px; background-color: #ffffff;\">Anh&auml;ngerkupplung<\/span>&nbsp;\/ Trailer<\/li>\n<\/ul>\n<p>[\/et_pb_blurb][\/et_pb_column][et_pb_column type=&#8220;1_4&#8243; _builder_version=&#8220;3.25&#8243; custom_padding=&#8220;|||&#8220; custom_padding__hover=&#8220;|||&#8220;][et_pb_blurb image=&#8220;https:\/\/johannesen-maskintransport.dk\/wp-content\/uploads\/2016\/03\/langvogn3.png&#8220; image_max_width=&#8220;none&#8220; admin_label=&#8220;Billede og tekst 2&#8243; _builder_version=&#8220;3.0.87&#8243; background_size=&#8220;initial&#8220; background_position=&#8220;top_left&#8220; background_repeat=&#8220;repeat&#8220; animation=&#8220;off&#8220; use_border_color=&#8220;off&#8220; border_color=&#8220;#ffffff&#8220; border_width=&#8220;1px&#8220; border_style=&#8220;solid&#8220;]<\/p>\n<div><u style=\"font-size: 15px;\"><strong style=\"font-size: 15px;\">Wagen<\/strong><\/u><u><strong>&nbsp;201, Kurt Larsen.<\/strong><\/u><\/div>\n<div align=\"center\"><\/div>\n<ul>\n<li>\n<div>66 T\/M&nbsp;<span style=\"font-size: 15px; background-color: #ffffff;\">Kranwagen mit einer Reichweite von<\/span>&nbsp;25 m.&nbsp;<span style=\"font-size: 15px; background-color: #ffffff;\">(waagerecht) oder<\/span>&nbsp;28 m. lodret.<\/div>\n<\/li>\n<li>\n<div><span style=\"font-size: 15px; background-color: #ffffff;\">Ladeh&ouml;he:<\/span>&nbsp;0,60 m. &#8211; 1,50 m.<\/div>\n<\/li>\n<li>\n<div><span style=\"font-size: 15px; background-color: #ffffff;\">Ladefl&auml;che:&nbsp;<\/span>4 &#8211; 12 m.<\/div>\n<\/li>\n<li>\n<div><span style=\"font-size: 15px; background-color: #ffffff;\">Nutzlast:<\/span>&nbsp;20 t.<\/div>\n<\/li>\n<li>\n<div><span style=\"font-size: 15px; background-color: #ffffff;\">Anh&auml;ngerkupplung<\/span>&nbsp;\/ Trailer<\/div>\n<\/li>\n<\/ul>\n<p>[\/et_pb_blurb][\/et_pb_column][et_pb_column type=&#8220;1_4&#8243; _builder_version=&#8220;3.25&#8243; custom_padding=&#8220;|||&#8220; custom_padding__hover=&#8220;|||&#8220;][et_pb_blurb image=&#8220;https:\/\/johannesen-maskintransport.dk\/wp-content\/uploads\/2016\/03\/langvogn2.png&#8220; image_max_width=&#8220;none&#8220; admin_label=&#8220;Billede og tekst 3&#8243; _builder_version=&#8220;3.0.87&#8243; background_size=&#8220;initial&#8220; background_position=&#8220;top_left&#8220; background_repeat=&#8220;repeat&#8220; animation=&#8220;off&#8220; use_border_color=&#8220;off&#8220; border_color=&#8220;#ffffff&#8220; border_width=&#8220;1px&#8220; border_style=&#8220;solid&#8220;]<\/p>\n<div><u style=\"font-size: 15px;\"><strong style=\"font-size: 15px;\">Wagen<\/strong><\/u><u><strong>&nbsp;149, Ivan Polat<\/strong>.<\/u><\/div>\n<div align=\"center\"><\/div>\n<ul>\n<li>66 T\/M&nbsp;<span style=\"font-size: 15px; background-color: #ffffff;\">Kranwagen mit einer Reichweite von<\/span>&nbsp;25 m.&nbsp;<span style=\"font-size: 15px; background-color: #ffffff;\">(waagerecht) oder<\/span>&nbsp;28 m.&nbsp;<span style=\"font-size: 15px; background-color: #ffffff;\">(senkgerecht)<\/span>.<\/li>\n<li>\n<div><span style=\"font-size: 15px; background-color: #ffffff;\">Ladeh&ouml;he:<\/span>&nbsp;0,60 m. &#8211; 1,50 m.<\/div>\n<\/li>\n<li>\n<div><span style=\"font-size: 15px; background-color: #ffffff;\">Ladefl&auml;che:&nbsp;<\/span>4 &#8211; 12 m.<\/div>\n<\/li>\n<li>\n<div><span style=\"font-size: 15px; background-color: #ffffff;\">Nutzlast:<\/span>&nbsp;20 t.<\/div>\n<\/li>\n<li>\n<div><span style=\"font-size: 15px; background-color: #ffffff;\">Anh&auml;ngerkupplung&nbsp;<\/span>\/ Trailer<\/div>\n<\/li>\n<\/ul>\n<p>[\/et_pb_blurb][\/et_pb_column][et_pb_column type=&#8220;1_4&#8243; _builder_version=&#8220;3.25&#8243; custom_padding=&#8220;|||&#8220; custom_padding__hover=&#8220;|||&#8220;][et_pb_blurb image=&#8220;https:\/\/johannesen-maskintransport.dk\/wp-content\/uploads\/2016\/03\/langvogn4.png&#8220; image_max_width=&#8220;none&#8220; admin_label=&#8220;Billede og tekst 4&#8243; _builder_version=&#8220;3.0.87&#8243; background_size=&#8220;initial&#8220; background_position=&#8220;top_left&#8220; background_repeat=&#8220;repeat&#8220; animation=&#8220;off&#8220; use_border_color=&#8220;off&#8220; border_color=&#8220;#ffffff&#8220; border_width=&#8220;1px&#8220; border_style=&#8220;solid&#8220;]<\/p>\n<div><u style=\"font-size: 15px;\"><strong style=\"font-size: 15px;\">Wagen<\/strong><\/u><u><strong>&nbsp;204, S&oslash;ren Pedersen<\/strong>.<\/u><\/div>\n<div align=\"center\"><\/div>\n<ul>\n<li>36 t\/m&nbsp;<span style=\"font-size: 15px; background-color: #ffffff;\">Kranwagen mit einer Reichweite von<\/span>&nbsp;16 m.&nbsp;<span style=\"font-size: 15px; background-color: #ffffff;\">(waagerecht) oder<\/span>&nbsp;19 m.&nbsp;<span style=\"font-size: 15px; background-color: #ffffff;\">(senkgerecht)<\/span>.<\/li>\n<li><span style=\"font-size: 15px; background-color: #ffffff;\">Ladeh&ouml;he:<\/span>&nbsp;0,60 m. &#8211; 1,50 m.<\/li>\n<li><span style=\"font-size: 15px; background-color: #ffffff;\">Ladefl&auml;che:&nbsp;<\/span>4 &#8211; 12 m.<\/li>\n<li><span style=\"font-size: 15px; background-color: #ffffff;\">Nutzlast:<\/span>&nbsp;20 t.<\/li>\n<li><span style=\"font-size: 15px; background-color: #ffffff;\">Anh&auml;ngerkupplung<\/span>&nbsp;\/ Trailer.<\/li>\n<\/ul>\n<p>[\/et_pb_blurb][\/et_pb_column][\/et_pb_row][\/et_pb_section][et_pb_section fb_built=&#8220;1&#8243; custom_padding_last_edited=&#8220;on|desktop&#8220; admin_label=&#8220;Sektion&#8220; _builder_version=&#8220;3.22&#8243; background_color=&#8220;#f7f7f7&#8243; custom_padding_tablet=&#8220;50px|0|50px|0&#8243; transparent_background=&#8220;off&#8220; padding_mobile=&#8220;off&#8220; make_fullwidth=&#8220;off&#8220; use_custom_width=&#8220;off&#8220; width_unit=&#8220;on&#8220; custom_width_px=&#8220;1080px&#8220; custom_width_percent=&#8220;80%&#8220;][et_pb_row padding_mobile=&#8220;off&#8220; column_padding_mobile=&#8220;on&#8220; admin_label=&#8220;R\u00e6kke&#8220; _builder_version=&#8220;3.25&#8243; background_size=&#8220;initial&#8220; background_position=&#8220;top_left&#8220; background_repeat=&#8220;repeat&#8220; make_fullwidth=&#8220;off&#8220; use_custom_width=&#8220;off&#8220; width_unit=&#8220;off&#8220; custom_width_px=&#8220;1080px&#8220; custom_width_percent=&#8220;80%&#8220; column_structure=&#8220;1_4,1_4,1_4,1_4&#8243;][et_pb_column type=&#8220;1_4&#8243; _builder_version=&#8220;3.25&#8243; custom_padding=&#8220;|||&#8220; custom_padding__hover=&#8220;|||&#8220;][et_pb_blurb image=&#8220;https:\/\/johannesen-maskintransport.dk\/wp-content\/uploads\/2016\/03\/5.png&#8220; image_max_width=&#8220;none&#8220; admin_label=&#8220;Billede og tekst 5&#8243; _builder_version=&#8220;3.0.87&#8243; background_size=&#8220;initial&#8220; background_position=&#8220;top_left&#8220; background_repeat=&#8220;repeat&#8220; animation=&#8220;off&#8220; use_border_color=&#8220;off&#8220; border_color=&#8220;#ffffff&#8220; border_width=&#8220;1px&#8220; border_style=&#8220;solid&#8220;]<\/p>\n<div><u><strong>Vogn 205, Vagn Jessen.<\/strong><\/u><\/div>\n<div align=\"center\"><\/div>\n<ul>\n<li>\n<div>100 t\/m&nbsp;<span style=\"font-size: 15px; background-color: #f7f7f7;\">Kranwagen mit einer Reichweite von 30&nbsp;m (waagerecht) oder<\/span>33 m. (sengerecht).<\/div>\n<\/li>\n<li>\n<div><span style=\"font-size: 15px; background-color: #ffffff;\"><span style=\"font-size: 15px; background-color: #f7f7f7;\">Ladeh&ouml;he:<\/span><\/span>&nbsp;0,60 m. &#8211; 1,50 m.<\/div>\n<\/li>\n<li>\n<div><span style=\"font-size: 15px; background-color: #f7f7f7;\">Ladefl&auml;che:&nbsp;<\/span>4 &#8211; 12 m.&nbsp;<\/div>\n<\/li>\n<li>\n<div><span style=\"font-size: 15px; background-color: #f7f7f7;\">Nutzlast:<\/span>&nbsp;20 t.<\/div>\n<\/li>\n<li>\n<div>Anh&auml;ngerkupplung \/ Trailer<\/div>\n<\/li>\n<\/ul>\n<p>[\/et_pb_blurb][\/et_pb_column][et_pb_column type=&#8220;1_4&#8243; _builder_version=&#8220;3.25&#8243; custom_padding=&#8220;|||&#8220; custom_padding__hover=&#8220;|||&#8220;][\/et_pb_column][et_pb_column type=&#8220;1_4&#8243; _builder_version=&#8220;3.25&#8243; custom_padding=&#8220;|||&#8220; custom_padding__hover=&#8220;|||&#8220;][\/et_pb_column][et_pb_column type=&#8220;1_4&#8243; _builder_version=&#8220;3.25&#8243; custom_padding=&#8220;|||&#8220; custom_padding__hover=&#8220;|||&#8220;][\/et_pb_column][\/et_pb_row][\/et_pb_section][et_pb_section fb_built=&#8220;1&#8243; custom_padding_last_edited=&#8220;on|desktop&#8220; admin_label=&#8220;Sektion&#8220; _builder_version=&#8220;3.22&#8243; background_color=&#8220;rgba(10,0,0,0.36)&#8220; background_image=&#8220;https:\/\/johannesen-maskintransport.dk\/wp-content\/uploads\/2017\/02\/overlay.jpg&#8220; parallax=&#8220;on&#8220; custom_padding=&#8220;0px|0px|0px|0px&#8220; custom_padding_tablet=&#8220;50px|0|50px|0&#8243; transparent_background=&#8220;off&#8220; padding_mobile=&#8220;off&#8220; make_fullwidth=&#8220;off&#8220; use_custom_width=&#8220;off&#8220; width_unit=&#8220;on&#8220; custom_width_px=&#8220;1080px&#8220; custom_width_percent=&#8220;80%&#8220;][et_pb_row use_custom_gutter=&#8220;on&#8220; gutter_width=&#8220;0&#8243; padding_mobile=&#8220;off&#8220; column_padding_mobile=&#8220;on&#8220; admin_label=&#8220;R\u00e6kke&#8220; _builder_version=&#8220;3.25&#8243; background_size=&#8220;initial&#8220; background_position=&#8220;top_left&#8220; background_repeat=&#8220;repeat&#8220; width=&#8220;100%&#8220; max_width=&#8220;100%&#8220; make_fullwidth=&#8220;on&#8220; use_custom_width=&#8220;on&#8220; width_unit=&#8220;off&#8220; custom_width_px=&#8220;684px&#8220; custom_width_percent=&#8220;100%&#8220;][et_pb_column type=&#8220;4_4&#8243; _builder_version=&#8220;3.25&#8243; custom_padding=&#8220;|||&#8220; custom_padding__hover=&#8220;|||&#8220;][et_pb_cta title=&#8220;Wir bieten einen landesweiten Kranservice an!&#8220; button_url=&#8220;\/de\/kontakt\/&#8220; button_text=&#8220;Rufen Sie uns an&#8220; admin_label=&#8220;Opfordring Til Handling&#8220; _builder_version=&#8220;3.16&#8243; use_background_color=&#8220;off&#8220; background_size=&#8220;initial&#8220; background_position=&#8220;top_left&#8220; background_repeat=&#8220;repeat&#8220; custom_padding=&#8220;30px||30px|&#8220; use_border_color=&#8220;off&#8220; border_color=&#8220;#ffffff&#8220; border_style=&#8220;solid&#8220; button_letter_spacing_hover=&#8220;0&#8243; saved_tabs=&#8220;all&#8220; button_text_size__hover_enabled=&#8220;off&#8220; button_one_text_size__hover_enabled=&#8220;off&#8220; button_two_text_size__hover_enabled=&#8220;off&#8220; button_text_color__hover_enabled=&#8220;off&#8220; button_one_text_color__hover_enabled=&#8220;off&#8220; button_two_text_color__hover_enabled=&#8220;off&#8220; button_border_width__hover_enabled=&#8220;off&#8220; button_one_border_width__hover_enabled=&#8220;off&#8220; button_two_border_width__hover_enabled=&#8220;off&#8220; button_border_color__hover_enabled=&#8220;off&#8220; button_one_border_color__hover_enabled=&#8220;off&#8220; button_two_border_color__hover_enabled=&#8220;off&#8220; button_border_radius__hover_enabled=&#8220;off&#8220; button_one_border_radius__hover_enabled=&#8220;off&#8220; button_two_border_radius__hover_enabled=&#8220;off&#8220; button_letter_spacing__hover_enabled=&#8220;on&#8220; button_letter_spacing__hover=&#8220;0&#8243; button_one_letter_spacing__hover_enabled=&#8220;off&#8220; button_two_letter_spacing__hover_enabled=&#8220;off&#8220; button_bg_color__hover_enabled=&#8220;off&#8220; button_one_bg_color__hover_enabled=&#8220;off&#8220; button_two_bg_color__hover_enabled=&#8220;off&#8220;][\/et_pb_cta][\/et_pb_column][\/et_pb_row][\/et_pb_section]<\/p>\n","protected":false},"excerpt":{"rendered":"<p>Hos Johannesen kran og maskintransport ApS har vi udvidet vores kompentencefelt og er nu ogs\u00e5 blevet omlastningscentral.\u00a0Har du ikke selv plads til at opbevare dit gods, skal du ikke t\u00f8ve med at kontakte os.\u00a0Vi kan tilbyde dig opbevaring af diverse materialer b\u00e5de indend\u00f8rs og udend\u00f8rs. Vi har mange \u00e5rs erfaring i h\u00e5ndtering af diverse gods [&hellip;]<\/p>\n","protected":false},"author":1,"featured_media":0,"parent":0,"menu_order":0,"comment_status":"closed","ping_status":"closed","template":"","meta":{"_et_pb_use_builder":"on","_et_pb_old_content":"","_et_gb_content_width":"","footnotes":""},"class_list":["post-2136","page","type-page","status-publish","hentry"],"yoast_head":"<!-- This site is optimized with the Yoast SEO plugin v26.0 - https:\/\/yoast.com\/wordpress\/plugins\/seo\/ -->\n<title>WAS WIR BIETEN | Johannesen Maskintransport<\/title>\n<meta name=\"description\" content=\"Johannesen kran- og maskintransport\" \/>\n<meta name=\"robots\" content=\"index, follow, max-snippet:-1, max-image-preview:large, max-video-preview:-1\" \/>\n<link rel=\"canonical\" href=\"https:\/\/johannesen-maskintransport.dk\/de\/was-wir-bieten\/\" \/>\n<meta property=\"og:locale\" content=\"de_DE\" \/>\n<meta property=\"og:type\" content=\"article\" \/>\n<meta property=\"og:title\" content=\"WAS WIR BIETEN | Johannesen Maskintransport\" \/>\n<meta property=\"og:description\" content=\"Johannesen kran- og maskintransport\" \/>\n<meta property=\"og:url\" content=\"https:\/\/johannesen-maskintransport.dk\/de\/was-wir-bieten\/\" \/>\n<meta property=\"og:site_name\" content=\"Johannesen Maskintransport\" \/>\n<meta property=\"article:modified_time\" content=\"2020-01-15T09:00:45+00:00\" \/>\n<meta name=\"twitter:card\" content=\"summary_large_image\" \/>\n<meta name=\"twitter:label1\" content=\"Gesch\u00e4tzte Lesezeit\" \/>\n\t<meta name=\"twitter:data1\" content=\"37\u00a0Minuten\" \/>\n<script type=\"application\/ld+json\" class=\"yoast-schema-graph\">{\"@context\":\"https:\/\/schema.org\",\"@graph\":[{\"@type\":\"WebPage\",\"@id\":\"https:\/\/johannesen-maskintransport.dk\/de\/was-wir-bieten\/\",\"url\":\"https:\/\/johannesen-maskintransport.dk\/de\/was-wir-bieten\/\",\"name\":\"WAS WIR BIETEN | Johannesen Maskintransport\",\"isPartOf\":{\"@id\":\"https:\/\/johannesen-maskintransport.dk\/#website\"},\"datePublished\":\"2017-06-20T08:39:22+00:00\",\"dateModified\":\"2020-01-15T09:00:45+00:00\",\"description\":\"Johannesen kran- og maskintransport\",\"breadcrumb\":{\"@id\":\"https:\/\/johannesen-maskintransport.dk\/de\/was-wir-bieten\/#breadcrumb\"},\"inLanguage\":\"de\",\"potentialAction\":[{\"@type\":\"ReadAction\",\"target\":[\"https:\/\/johannesen-maskintransport.dk\/de\/was-wir-bieten\/\"]}]},{\"@type\":\"BreadcrumbList\",\"@id\":\"https:\/\/johannesen-maskintransport.dk\/de\/was-wir-bieten\/#breadcrumb\",\"itemListElement\":[{\"@type\":\"ListItem\",\"position\":1,\"name\":\"Johannesen kran- og maskintransport\",\"item\":\"https:\/\/johannesen-maskintransport.dk\/de\/forside-2\/\"},{\"@type\":\"ListItem\",\"position\":2,\"name\":\"WAS WIR BIETEN\"}]},{\"@type\":\"WebSite\",\"@id\":\"https:\/\/johannesen-maskintransport.dk\/#website\",\"url\":\"https:\/\/johannesen-maskintransport.dk\/\",\"name\":\"Johannesen Maskintransport\",\"description\":\"Landesweiten kraneservice\",\"potentialAction\":[{\"@type\":\"SearchAction\",\"target\":{\"@type\":\"EntryPoint\",\"urlTemplate\":\"https:\/\/johannesen-maskintransport.dk\/?s={search_term_string}\"},\"query-input\":{\"@type\":\"PropertyValueSpecification\",\"valueRequired\":true,\"valueName\":\"search_term_string\"}}],\"inLanguage\":\"de\"}]}<\/script>\n<!-- \/ Yoast SEO plugin. -->","yoast_head_json":{"title":"WAS WIR BIETEN | Johannesen Maskintransport","description":"Johannesen kran- og maskintransport","robots":{"index":"index","follow":"follow","max-snippet":"max-snippet:-1","max-image-preview":"max-image-preview:large","max-video-preview":"max-video-preview:-1"},"canonical":"https:\/\/johannesen-maskintransport.dk\/de\/was-wir-bieten\/","og_locale":"de_DE","og_type":"article","og_title":"WAS WIR BIETEN | Johannesen Maskintransport","og_description":"Johannesen kran- og maskintransport","og_url":"https:\/\/johannesen-maskintransport.dk\/de\/was-wir-bieten\/","og_site_name":"Johannesen Maskintransport","article_modified_time":"2020-01-15T09:00:45+00:00","twitter_card":"summary_large_image","twitter_misc":{"Gesch\u00e4tzte Lesezeit":"37\u00a0Minuten"},"schema":{"@context":"https:\/\/schema.org","@graph":[{"@type":"WebPage","@id":"https:\/\/johannesen-maskintransport.dk\/de\/was-wir-bieten\/","url":"https:\/\/johannesen-maskintransport.dk\/de\/was-wir-bieten\/","name":"WAS WIR BIETEN | Johannesen Maskintransport","isPartOf":{"@id":"https:\/\/johannesen-maskintransport.dk\/#website"},"datePublished":"2017-06-20T08:39:22+00:00","dateModified":"2020-01-15T09:00:45+00:00","description":"Johannesen kran- og maskintransport","breadcrumb":{"@id":"https:\/\/johannesen-maskintransport.dk\/de\/was-wir-bieten\/#breadcrumb"},"inLanguage":"de","potentialAction":[{"@type":"ReadAction","target":["https:\/\/johannesen-maskintransport.dk\/de\/was-wir-bieten\/"]}]},{"@type":"BreadcrumbList","@id":"https:\/\/johannesen-maskintransport.dk\/de\/was-wir-bieten\/#breadcrumb","itemListElement":[{"@type":"ListItem","position":1,"name":"Johannesen kran- og maskintransport","item":"https:\/\/johannesen-maskintransport.dk\/de\/forside-2\/"},{"@type":"ListItem","position":2,"name":"WAS WIR BIETEN"}]},{"@type":"WebSite","@id":"https:\/\/johannesen-maskintransport.dk\/#website","url":"https:\/\/johannesen-maskintransport.dk\/","name":"Johannesen Maskintransport","description":"Landesweiten kraneservice","potentialAction":[{"@type":"SearchAction","target":{"@type":"EntryPoint","urlTemplate":"https:\/\/johannesen-maskintransport.dk\/?s={search_term_string}"},"query-input":{"@type":"PropertyValueSpecification","valueRequired":true,"valueName":"search_term_string"}}],"inLanguage":"de"}]}},"_links":{"self":[{"href":"https:\/\/johannesen-maskintransport.dk\/de\/wp-json\/wp\/v2\/pages\/2136","targetHints":{"allow":["GET"]}}],"collection":[{"href":"https:\/\/johannesen-maskintransport.dk\/de\/wp-json\/wp\/v2\/pages"}],"about":[{"href":"https:\/\/johannesen-maskintransport.dk\/de\/wp-json\/wp\/v2\/types\/page"}],"author":[{"embeddable":true,"href":"https:\/\/johannesen-maskintransport.dk\/de\/wp-json\/wp\/v2\/users\/1"}],"replies":[{"embeddable":true,"href":"https:\/\/johannesen-maskintransport.dk\/de\/wp-json\/wp\/v2\/comments?post=2136"}],"version-history":[{"count":10,"href":"https:\/\/johannesen-maskintransport.dk\/de\/wp-json\/wp\/v2\/pages\/2136\/revisions"}],"predecessor-version":[{"id":2708,"href":"https:\/\/johannesen-maskintransport.dk\/de\/wp-json\/wp\/v2\/pages\/2136\/revisions\/2708"}],"wp:attachment":[{"href":"https:\/\/johannesen-maskintransport.dk\/de\/wp-json\/wp\/v2\/media?parent=2136"}],"curies":[{"name":"wp","href":"https:\/\/api.w.org\/{rel}","templated":true}]}}